{"id":642,"date":"2023-03-30T12:55:40","date_gmt":"2023-03-30T15:55:40","guid":{"rendered":"https:\/\/pezgordon.com\/msf_dev\/?page_id=642"},"modified":"2023-05-04T12:52:51","modified_gmt":"2023-05-04T15:52:51","slug":"en-el-terreno","status":"publish","type":"page","link":"https:\/\/pezgordon.com\/msf_dev\/trabaja\/en-el-terreno\/","title":{"rendered":"En el terreno"},"content":{"rendered":"<div id=\"pl-642\"  class=\"panel-layout\" ><div id=\"pg-642-0\"  class=\"panel-grid panel-no-style\" ><div id=\"pgc-642-0-0\"  class=\"panel-grid-cell\" ><div id=\"panel-642-0-0-0\" class=\"so-panel widget_text-module panel-first-child\" data-index=\"0\" ><div\n\t\t\t\n\t\t\tclass=\"so-widget-text-module so-widget-text-module-default-d75171398898-642\"\n\t\t\t\n\t\t>\n<section class=\"text-module full-screen mobile-white desktop-white wide\" style=\"--backgroundDesktop:var(--white);--primaryColorDesktop:var(--grey);--secondaryColorDesktop:var(--red);--backgroundMobile:var(--white);--primaryColorMobile:var(--grey);--secondaryColorMobile:var(--red)\">\n\t\t\t\n\t<div class=\"container\">\n\n\t\t<h2 style=\"text-align: center\">\u00bfC\u00f3mo trabajar en M\u00e9dicos Sin Fronteras alrededor del mundo?<\/h2>\n<p style=\"text-align: left\">Buscamos personas interesadas en incorporarse como trabajadores humanitarios en los proyectos que llevamos a cabo en el terreno.<\/p>\n<p>Trabajamos con profesionales con formaci\u00f3n y experiencia suficientes para un \u00f3ptimo desempe\u00f1o de sus funciones, con gran sentido de la responsabilidad y capacidad de adaptaci\u00f3n al entorno cambiante en el que desarrollamos nuestra actividad.<\/p>\n\n\t<\/div>\n\n<\/section><\/div><\/div><div\n\t\t\t\n\t\t\tclass=\"so-widget-works-module so-widget-works-module-default-d75171398898-642\"\n\t\t\t\n\t\t>\n<section class=\"pages-grid\">\n\n\t\n\t\n\t<div class=\"grid\">\n\n\t\t\n\t\t<div>\n\t\t\t<div class=\"thumbnail\">\n\t\t\t\t<img loading=\"lazy\" decoding=\"async\" width=\"700\" height=\"467\" src=\"https:\/\/pezgordon.com\/msf_dev\/wp-content\/uploads\/2022\/10\/MSB122809_Medium-700x467.jpg\" class=\"attachment-medium size-medium wp-post-image\" alt=\"\" srcset=\"https:\/\/pezgordon.com\/msf_dev\/wp-content\/uploads\/2022\/10\/MSB122809_Medium-150x150.jpg 150w, https:\/\/pezgordon.com\/msf_dev\/wp-content\/uploads\/2022\/10\/MSB122809_Medium-700x467.jpg 700w\" sizes=\"(max-width: 768px) 40px, 700px\" \/>\t\t\t<\/div>\n\t\t\t<div class=\"content\">\n\t\t\t\t<h2 class=\"semi_bold\">Administrador\/a<\/h2>\n\t\t\t\t<p class=\"hide_mobile\">Es la persona responsable del seguimiento administrativo, de la gesti\u00f3n de los recursos humanos y de toda la actividad contable-financiera del proyecto.<\/p>\n\t\t\t\t<a href=\"https:\/\/pezgordon.com\/msf_dev\/trabaja\/perfiles\/administrador-a\/\" title=\"\">Leer m\u00e1s<\/a>\n\t\t\t<\/div>\n\t\t<\/div>\n\n\t\t\n\t\t<div>\n\t\t\t<div class=\"thumbnail\">\n\t\t\t\t<img loading=\"lazy\" decoding=\"async\" width=\"700\" height=\"465\" src=\"https:\/\/pezgordon.com\/msf_dev\/wp-content\/uploads\/2022\/10\/MSF139292_Medium-700x465.jpg\" class=\"attachment-medium size-medium wp-post-image\" alt=\"\" srcset=\"https:\/\/pezgordon.com\/msf_dev\/wp-content\/uploads\/2022\/10\/MSF139292_Medium-150x150.jpg 150w, https:\/\/pezgordon.com\/msf_dev\/wp-content\/uploads\/2022\/10\/MSF139292_Medium-700x465.jpg 700w\" sizes=\"(max-width: 768px) 40px, 700px\" \/>\t\t\t<\/div>\n\t\t\t<div class=\"content\">\n\t\t\t\t<h2 class=\"semi_bold\">Anestesi\u00f3logo\/a<\/h2>\n\t\t\t\t<p class=\"hide_mobile\">Este rol es cada vez m\u00e1s importantes dentro de nuestros proyectos. Una gran parte de las cirug\u00edas que llevamos a cabo son con pacientes v\u00edctimas de conflictos armados.<\/p>\n\t\t\t\t<a href=\"https:\/\/pezgordon.com\/msf_dev\/trabaja\/perfiles\/anestesiologo-a\/\" title=\"\">Leer m\u00e1s<\/a>\n\t\t\t<\/div>\n\t\t<\/div>\n\n\t\t\n\t\t<div>\n\t\t\t<div class=\"thumbnail\">\n\t\t\t\t<img loading=\"lazy\" decoding=\"async\" width=\"700\" height=\"467\" src=\"https:\/\/pezgordon.com\/msf_dev\/wp-content\/uploads\/2022\/10\/MSB18643_Medium-700x467.jpg\" class=\"attachment-medium size-medium wp-post-image\" alt=\"\" srcset=\"https:\/\/pezgordon.com\/msf_dev\/wp-content\/uploads\/2022\/10\/MSB18643_Medium-150x150.jpg 150w, https:\/\/pezgordon.com\/msf_dev\/wp-content\/uploads\/2022\/10\/MSB18643_Medium-700x467.jpg 700w\" sizes=\"(max-width: 768px) 40px, 700px\" \/>\t\t\t<\/div>\n\t\t\t<div class=\"content\">\n\t\t\t\t<h2 class=\"semi_bold\">Bioqu\u00edmico\/a<\/h2>\n\t\t\t\t<p class=\"hide_mobile\">Los bioqu\u00edmicos aseguran las mejores pr\u00e1cticas en la gesti\u00f3n de medicamentos y equipos m\u00e9dicos, y se ocupan de la puesta en marcha y gesti\u00f3n de laboratorios en los proyectos.<\/p>\n\t\t\t\t<a href=\"https:\/\/pezgordon.com\/msf_dev\/trabaja\/perfiles\/bioquimico-a\/\" title=\"\">Leer m\u00e1s<\/a>\n\t\t\t<\/div>\n\t\t<\/div>\n\n\t\t\n\t\t<div>\n\t\t\t<div class=\"thumbnail\">\n\t\t\t\t<img loading=\"lazy\" decoding=\"async\" width=\"700\" height=\"467\" src=\"https:\/\/pezgordon.com\/msf_dev\/wp-content\/uploads\/2022\/10\/MSB102747_Medium-700x467.jpg\" class=\"attachment-medium size-medium wp-post-image\" alt=\"\" srcset=\"https:\/\/pezgordon.com\/msf_dev\/wp-content\/uploads\/2022\/10\/MSB102747_Medium-150x150.jpg 150w, https:\/\/pezgordon.com\/msf_dev\/wp-content\/uploads\/2022\/10\/MSB102747_Medium-700x467.jpg 700w\" sizes=\"(max-width: 768px) 40px, 700px\" \/>\t\t\t<\/div>\n\t\t\t<div class=\"content\">\n\t\t\t\t<h2 class=\"semi_bold\">Cirujano\/a<\/h2>\n\t\t\t\t<p class=\"hide_mobile\">Nuestros cirujanos deben poder realizar cirug\u00edas de trauma y otras cirug\u00edas de emergencia. Es un valor a\u00f1adido contar tambi\u00e9n con experiencia en la realizaci\u00f3n de ces\u00e1reas.<\/p>\n\t\t\t\t<a href=\"https:\/\/pezgordon.com\/msf_dev\/trabaja\/perfiles\/cirujano-a\/\" title=\"\">Leer m\u00e1s<\/a>\n\t\t\t<\/div>\n\t\t<\/div>\n\n\t\t\n\t\t<div>\n\t\t\t<div class=\"thumbnail\">\n\t\t\t\t<img loading=\"lazy\" decoding=\"async\" width=\"700\" height=\"467\" src=\"https:\/\/pezgordon.com\/msf_dev\/wp-content\/uploads\/2022\/10\/MSF186047_Medium-700x467.jpg\" class=\"attachment-medium size-medium wp-post-image\" alt=\"\" srcset=\"https:\/\/pezgordon.com\/msf_dev\/wp-content\/uploads\/2022\/10\/MSF186047_Medium-150x150.jpg 150w, https:\/\/pezgordon.com\/msf_dev\/wp-content\/uploads\/2022\/10\/MSF186047_Medium-700x467.jpg 700w\" sizes=\"(max-width: 768px) 40px, 700px\" \/>\t\t\t<\/div>\n\t\t\t<div class=\"content\">\n\t\t\t\t<h2 class=\"semi_bold\">Coordinador\/a  de RRHH<\/h2>\n\t\t\t\t<p class=\"hide_mobile\">Sus responsabilidades se centran en contribuir a la planificaci\u00f3n de los recursos humanos y a asegurar la implementaci\u00f3n de las pol\u00edticas y procesos de RR.HH.<\/p>\n\t\t\t\t<a href=\"https:\/\/pezgordon.com\/msf_dev\/trabaja\/perfiles\/coordinador-a-de-rrhh\/\" title=\"\">Leer m\u00e1s<\/a>\n\t\t\t<\/div>\n\t\t<\/div>\n\n\t\t\n\t\t<div>\n\t\t\t<div class=\"thumbnail\">\n\t\t\t\t<img loading=\"lazy\" decoding=\"async\" width=\"700\" height=\"467\" src=\"https:\/\/pezgordon.com\/msf_dev\/wp-content\/uploads\/2022\/10\/MSB18686_Medium-700x467.jpg\" class=\"attachment-medium size-medium wp-post-image\" alt=\"\" srcset=\"https:\/\/pezgordon.com\/msf_dev\/wp-content\/uploads\/2022\/10\/MSB18686_Medium-150x150.jpg 150w, https:\/\/pezgordon.com\/msf_dev\/wp-content\/uploads\/2022\/10\/MSB18686_Medium-700x467.jpg 700w\" sizes=\"(max-width: 768px) 40px, 700px\" \/>\t\t\t<\/div>\n\t\t\t<div class=\"content\">\n\t\t\t\t<h2 class=\"semi_bold\">Coordinador\/a  Financiero\/a<\/h2>\n\t\t\t\t<p class=\"hide_mobile\">Su principal responsabilidad consiste en gestionar los recursos financieros de las misiones, asegurando la transparencia externa e interna.<\/p>\n\t\t\t\t<a href=\"https:\/\/pezgordon.com\/msf_dev\/trabaja\/perfiles\/coordinador-a-financiero-a\/\" title=\"\">Leer m\u00e1s<\/a>\n\t\t\t<\/div>\n\t\t<\/div>\n\n\t\t\n\t\t<div>\n\t\t\t<div class=\"thumbnail\">\n\t\t\t\t<img loading=\"lazy\" decoding=\"async\" width=\"700\" height=\"467\" src=\"https:\/\/pezgordon.com\/msf_dev\/wp-content\/uploads\/2022\/10\/MSB122881_Medium-700x467.jpg\" class=\"attachment-medium size-medium wp-post-image\" alt=\"\" srcset=\"https:\/\/pezgordon.com\/msf_dev\/wp-content\/uploads\/2022\/10\/MSB122881_Medium-150x150.jpg 150w, https:\/\/pezgordon.com\/msf_dev\/wp-content\/uploads\/2022\/10\/MSB122881_Medium-700x467.jpg 700w\" sizes=\"(max-width: 768px) 40px, 700px\" \/>\t\t\t<\/div>\n\t\t\t<div class=\"content\">\n\t\t\t\t<h2 class=\"semi_bold\">Enfermero\/a<\/h2>\n\t\t\t\t<p class=\"hide_mobile\">Nuestro personal de enfermer\u00eda trabaja en proyectos muy variados: intervenciones de emergencia, atenci\u00f3n primaria de salud, campa\u00f1as de vacunaci\u00f3n y gesti\u00f3n de programas de salud materno-infantil.<\/p>\n\t\t\t\t<a href=\"https:\/\/pezgordon.com\/msf_dev\/trabaja\/perfiles\/enfermero-a\/\" title=\"\">Leer m\u00e1s<\/a>\n\t\t\t<\/div>\n\t\t<\/div>\n\n\t\t\n\t\t<div>\n\t\t\t<div class=\"thumbnail\">\n\t\t\t\t<img loading=\"lazy\" decoding=\"async\" width=\"700\" height=\"467\" src=\"https:\/\/pezgordon.com\/msf_dev\/wp-content\/uploads\/2023\/04\/Tag_Mal-de-chagas-700x467.jpg\" class=\"attachment-medium size-medium wp-post-image\" alt=\"\" srcset=\"https:\/\/pezgordon.com\/msf_dev\/wp-content\/uploads\/2023\/04\/Tag_Mal-de-chagas-150x150.jpg 150w, https:\/\/pezgordon.com\/msf_dev\/wp-content\/uploads\/2023\/04\/Tag_Mal-de-chagas-700x467.jpg 700w\" sizes=\"(max-width: 768px) 40px, 700px\" \/>\t\t\t<\/div>\n\t\t\t<div class=\"content\">\n\t\t\t\t<h2 class=\"semi_bold\">Farmac\u00e9utico\/a<\/h2>\n\t\t\t\t<p class=\"hide_mobile\">En ocasiones necesitamos profesionales que aseguren las mejores pr\u00e1cticas en la gesti\u00f3n de medicamentos y equipos m\u00e9dicos en los proyectos.<\/p>\n\t\t\t\t<a href=\"https:\/\/pezgordon.com\/msf_dev\/trabaja\/perfiles\/farmaceutico-a\/\" title=\"\">Leer m\u00e1s<\/a>\n\t\t\t<\/div>\n\t\t<\/div>\n\n\t\t\n\t\t<div>\n\t\t\t<div class=\"thumbnail\">\n\t\t\t\t<img loading=\"lazy\" decoding=\"async\" width=\"700\" height=\"467\" src=\"https:\/\/pezgordon.com\/msf_dev\/wp-content\/uploads\/2022\/10\/MSB108169_Medium-700x467.jpg\" class=\"attachment-medium size-medium wp-post-image\" alt=\"\" srcset=\"https:\/\/pezgordon.com\/msf_dev\/wp-content\/uploads\/2022\/10\/MSB108169_Medium-150x150.jpg 150w, https:\/\/pezgordon.com\/msf_dev\/wp-content\/uploads\/2022\/10\/MSB108169_Medium-700x467.jpg 700w\" sizes=\"(max-width: 768px) 40px, 700px\" \/>\t\t\t<\/div>\n\t\t\t<div class=\"content\">\n\t\t\t\t<h2 class=\"semi_bold\">Gineco-obstetra  (tocoginec\u00f3logo\/a)<\/h2>\n\t\t\t\t<p class=\"hide_mobile\">Entre las responsabilidades de este rol est\u00e1n los actos quir\u00fargicos obst\u00e9tricos planificados y de emergencia, las complicaciones del parto y el seguimiento postoperatorio.<\/p>\n\t\t\t\t<a href=\"https:\/\/pezgordon.com\/msf_dev\/trabaja\/perfiles\/gineco-obstetra-tocoginecologo-a\/\" title=\"\">Leer m\u00e1s<\/a>\n\t\t\t<\/div>\n\t\t<\/div>\n\n\t\t\n\t\t<div>\n\t\t\t<div class=\"thumbnail\">\n\t\t\t\t<img loading=\"lazy\" decoding=\"async\" width=\"700\" height=\"467\" src=\"https:\/\/pezgordon.com\/msf_dev\/wp-content\/uploads\/2022\/10\/MSB106368_Medium-700x467.jpg\" class=\"attachment-medium size-medium wp-post-image\" alt=\"\" srcset=\"https:\/\/pezgordon.com\/msf_dev\/wp-content\/uploads\/2022\/10\/MSB106368_Medium-150x150.jpg 150w, https:\/\/pezgordon.com\/msf_dev\/wp-content\/uploads\/2022\/10\/MSB106368_Medium-700x467.jpg 700w\" sizes=\"(max-width: 768px) 40px, 700px\" \/>\t\t\t<\/div>\n\t\t\t<div class=\"content\">\n\t\t\t\t<h2 class=\"semi_bold\">Licenciado\/a en  obstetricia (matr\u00f3n\/a)<\/h2>\n\t\t\t\t<p class=\"hide_mobile\">Estos profesionales act\u00faan en contextos culturales diversos, adapt\u00e1ndose a la realidad de la vida reproductiva de las mujeres.<\/p>\n\t\t\t\t<a href=\"https:\/\/pezgordon.com\/msf_dev\/trabaja\/perfiles\/licenciado-a-en-obstetricia-matron-a\/\" title=\"\">Leer m\u00e1s<\/a>\n\t\t\t<\/div>\n\t\t<\/div>\n\n\t\t\n\t\t<div>\n\t\t\t<div class=\"thumbnail\">\n\t\t\t\t<img loading=\"lazy\" decoding=\"async\" width=\"700\" height=\"467\" src=\"https:\/\/pezgordon.com\/msf_dev\/wp-content\/uploads\/2022\/10\/MSF211739_Medium-700x467.jpg\" class=\"attachment-medium size-medium wp-post-image\" alt=\"\" srcset=\"https:\/\/pezgordon.com\/msf_dev\/wp-content\/uploads\/2022\/10\/MSF211739_Medium-150x150.jpg 150w, https:\/\/pezgordon.com\/msf_dev\/wp-content\/uploads\/2022\/10\/MSF211739_Medium-700x467.jpg 700w\" sizes=\"(max-width: 768px) 40px, 700px\" \/>\t\t\t<\/div>\n\t\t\t<div class=\"content\">\n\t\t\t\t<h2 class=\"semi_bold\">Logista<\/h2>\n\t\t\t\t<p class=\"hide_mobile\">Este rol tiene como principal labor facilitar todos los medios materiales para la realizaci\u00f3n de las actividades m\u00e9dico-humanitarias en nuestros proyectos.<\/p>\n\t\t\t\t<a href=\"https:\/\/pezgordon.com\/msf_dev\/trabaja\/perfiles\/logista\/\" title=\"\">Leer m\u00e1s<\/a>\n\t\t\t<\/div>\n\t\t<\/div>\n\n\t\t\n\t\t<div>\n\t\t\t<div class=\"thumbnail\">\n\t\t\t\t<img loading=\"lazy\" decoding=\"async\" width=\"700\" height=\"462\" src=\"https:\/\/pezgordon.com\/msf_dev\/wp-content\/uploads\/2022\/10\/MSB91881_Medium-700x462.jpg\" class=\"attachment-medium size-medium wp-post-image\" alt=\"\" srcset=\"https:\/\/pezgordon.com\/msf_dev\/wp-content\/uploads\/2022\/10\/MSB91881_Medium-150x150.jpg 150w, https:\/\/pezgordon.com\/msf_dev\/wp-content\/uploads\/2022\/10\/MSB91881_Medium-700x462.jpg 700w\" sizes=\"(max-width: 768px) 40px, 700px\" \/>\t\t\t<\/div>\n\t\t\t<div class=\"content\">\n\t\t\t\t<h2 class=\"semi_bold\">M\u00e9dico\/a<\/h2>\n\t\t\t\t<p class=\"hide_mobile\">Este rol es la base fundamental de nuestro trabajo, ya que hace frente a las necesidades m\u00e9dicas de la poblaci\u00f3n mediante la atenci\u00f3n directa a los pacientes.<\/p>\n\t\t\t\t<a href=\"https:\/\/pezgordon.com\/msf_dev\/trabaja\/perfiles\/medico-a\/\" title=\"\">Leer m\u00e1s<\/a>\n\t\t\t<\/div>\n\t\t<\/div>\n\n\t\t\n\t\t<div>\n\t\t\t<div class=\"thumbnail\">\n\t\t\t\t<img loading=\"lazy\" decoding=\"async\" width=\"700\" height=\"467\" src=\"https:\/\/pezgordon.com\/msf_dev\/wp-content\/uploads\/2022\/10\/MSB126650_Medium-700x467.jpg\" class=\"attachment-medium size-medium wp-post-image\" alt=\"\" srcset=\"https:\/\/pezgordon.com\/msf_dev\/wp-content\/uploads\/2022\/10\/MSB126650_Medium-150x150.jpg 150w, https:\/\/pezgordon.com\/msf_dev\/wp-content\/uploads\/2022\/10\/MSB126650_Medium-700x467.jpg 700w\" sizes=\"(max-width: 768px) 40px, 700px\" \/>\t\t\t<\/div>\n\t\t\t<div class=\"content\">\n\t\t\t\t<h2 class=\"semi_bold\">Psic\u00f3logo\/a<\/h2>\n\t\t\t\t<p class=\"hide_mobile\">Nuestros psic\u00f3logos trabajan tanto en emergencias como en proyectos regulares. La diversidad de nuestros proyectos requiere perfiles de competencias y experiencias muy variadas.<\/p>\n\t\t\t\t<a href=\"https:\/\/pezgordon.com\/msf_dev\/trabaja\/perfiles\/psicologo-a\/\" title=\"\">Leer m\u00e1s<\/a>\n\t\t\t<\/div>\n\t\t<\/div>\n\n\t\t\n\t<\/div>\n\n<\/section><\/div><div id=\"panel-642-0-0-2\" class=\"so-panel widget_switch-module\" data-index=\"2\" ><div\n\t\t\t\n\t\t\tclass=\"so-widget-switch-module so-widget-switch-module-default-d75171398898-212\"\n\t\t\t\n\t\t>\n<section class=\"tab-navigation\">\n\n\t<div class=\"container\">\n\n\t\t\n\t\t<button class=\"button open_tab button-0\" type=\"button\" data-tab=\"en-el-terreno-faq\">\n            Preguntas frecuentes        <\/button>\n\n        \n\t\t<button class=\"button open_tab \" type=\"button\" data-tab=\"en-el-terreno-testimonios\">\n            Ver testimonios        <\/button>\n\n        \n    <\/div>\n\t\n<\/section><\/div><\/div><div id=\"panel-642-0-0-3\" class=\"so-panel widget_accordion-module\" data-index=\"3\" ><div id=\"en-el-terreno-faq\" class=\"panel-widget-style panel-widget-style-for-642-0-0-3\" ><div\n\t\t\t\n\t\t\tclass=\"so-widget-accordion-module so-widget-accordion-module-default-d75171398898-212\"\n\t\t\t\n\t\t>\n<section class=\"accordion mobile-grey desktop-grey\" style=\"--backgroundDesktop:var(--white);--primaryColorDesktop:var(--grey);--backgroundMobile:var(--white);--primaryColorMobile:var(--grey)\">\n\n\t\n\t\n\t<div class=\"accordion-container\">\n\n\t\t\n\t\t<div class=\"accordion-item\">\n\t\t\t<h2 class=\"accordion-header\">\n\t\t\t\t<button type=\"button\">\n\t\t        \t<p><strong>\u00bfPuedo colaborar con M\u00e9dicos Sin Fronteras por un corto per\u00edodo de tiempo o aprovechando las vacaciones de verano?<\/strong><\/p>\n\t\t\t\t<\/button>\n\t\t    <\/h2>\n\t\t    <div class=\"accordion-body\">\n\t\t\t\t<div>\n\t\t\t\t\t<p>En M\u00e9dicos Sin Fronteras exigimos una disponibilidad m\u00ednima de 12 meses para poder iniciar el proceso de selecci\u00f3n. Solamente en el caso de perfiles concretos (cirujanos, anestesi\u00f3logos y gineco-obstetras) se aceptan estancias m\u00e1s cortas.<\/p>\n\t\t\t\t<\/div>\n\t\t    <\/div>\n\t\t<\/div>\n\n\t\t\n\t\t<div class=\"accordion-item\">\n\t\t\t<h2 class=\"accordion-header\">\n\t\t\t\t<button type=\"button\">\n\t\t        \t<p><strong>Antes de finalizar mi formaci\u00f3n o como parte de mis pr\u00e1cticas, \u00bfpodr\u00eda colaborar con M\u00e9dicos Sin Fronteras?<\/strong><\/p>\n\t\t\t\t<\/button>\n\t\t    <\/h2>\n\t\t    <div class=\"accordion-body\">\n\t\t\t\t<div>\n\t\t\t\t\t<p>Uno de los requisitos imprescindibles para trabajar con nuestra organizaci\u00f3n en el terreno es haber finalizado la formaci\u00f3n de acuerdo al perfil solicitado. Adem\u00e1s, el candidato debe contar con al menos dos a\u00f1os de experiencia laboral en el \u00e1mbito en el que quiere trabajar.<\/p>\n<p>No contemplamos la posibilidad de realizar pr\u00e1cticas profesionales en el terreno.<\/p>\n\t\t\t\t<\/div>\n\t\t    <\/div>\n\t\t<\/div>\n\n\t\t\n\t\t<div class=\"accordion-item\">\n\t\t\t<h2 class=\"accordion-header\">\n\t\t\t\t<button type=\"button\">\n\t\t        \t<p><strong>\u00bfCu\u00e1nto tiempo dura el proceso de selecci\u00f3n? \u00bfCu\u00e1nto tiempo puede transcurrir hasta que se me asigne una misi\u00f3n?<\/strong><\/p>\n\t\t\t\t<\/button>\n\t\t    <\/h2>\n\t\t    <div class=\"accordion-body\">\n\t\t\t\t<div>\n\t\t\t\t\t<p>El proceso de selecci\u00f3n no tiene un tiempo de duraci\u00f3n determinado (lleva un promedio de 3 a 6 meses), y depender\u00e1 de la disponibilidad de posiciones en el terreno y del perfil del candidato. Se trata de un proceso minucioso mediante el cual pretendemos garantizar la idoneidad de las personas seleccionadas y proporcionar al candidato informaci\u00f3n pertinente sobre la organizaci\u00f3n.<\/p>\n<p>En M\u00e9dicos Sin Fronteras llevamos a cabo una selecci\u00f3n continua de personas que viajar\u00e1n al terreno, aunque la asignaci\u00f3n de la primera misi\u00f3n viene determinada por las necesidades de los proyectos. Una vez que la persona haya superado el proceso de selecci\u00f3n, tendr\u00e1 que pasar por un per\u00edodo de inducci\u00f3n\/formaci\u00f3n de varios d\u00edas antes de incorporarse a un proyecto. El tiempo de espera para ser asignado a un proyecto puede ser de entre 1 a 4 meses.<\/p>\n\t\t\t\t<\/div>\n\t\t    <\/div>\n\t\t<\/div>\n\n\t\t\n\t\t<div class=\"accordion-item\">\n\t\t\t<h2 class=\"accordion-header\">\n\t\t\t\t<button type=\"button\">\n\t\t        \t<p><strong>\u00bfPuedo elegir el destino de mi primera misi\u00f3n?<\/strong><\/p>\n\t\t\t\t<\/button>\n\t\t    <\/h2>\n\t\t    <div class=\"accordion-body\">\n\t\t\t\t<div>\n\t\t\t\t\t<p>Nuestra organizaci\u00f3n asignar\u00e1 el destino de la primera misi\u00f3n. Hay que tener presente que MSF busca profesionales comprometidos con la ayuda m\u00e9dica y humanitaria, independientemente del contexto en la que \u00e9sta se lleve a cabo. En esta l\u00ednea, la flexibilidad y capacidad de adaptaci\u00f3n de los candidatos son competencias esenciales para cualquier trabajador humanitario de M\u00e9dicos Sin Fronteras.<\/p>\n<p>Es fundamental que durante el proceso de selecci\u00f3n, el candidato se informe correctamente sobre nuestros contextos e actuaci\u00f3n de MSF y las condiciones de salida. No obstante, si en el momento de asignarle una misi\u00f3n, el expatriado tiene serias dudas sobre el destino que le ha sido asignado (alta percepci\u00f3n de inseguridad), debe comunicarlo a la organizaci\u00f3n para estudiar otras posibles opciones.<\/p>\n\t\t\t\t<\/div>\n\t\t    <\/div>\n\t\t<\/div>\n\n\t\t\n\t\t<div class=\"accordion-item\">\n\t\t\t<h2 class=\"accordion-header\">\n\t\t\t\t<button type=\"button\">\n\t\t        \t<p><strong>\u00bfPuedo trabajar en mi propio pa\u00eds como expatriado?<\/strong><\/p>\n\t\t\t\t<\/button>\n\t\t    <\/h2>\n\t\t    <div class=\"accordion-body\">\n\t\t\t\t<div>\n\t\t\t\t\t<p>Ning\u00fan trabajador de M\u00e9dicos Sin Fronteras con estatus laboral de expatriado puede trabajar en su propio pa\u00eds. La definici\u00f3n de expatriado implica salir del propio pa\u00eds de origen, en el caso de M\u00e9dicos Sin Fronteras para desarrollar una labor de atenci\u00f3n m\u00e9dica y humanitaria en el \u00e1mbito internacional.<\/p>\n\t\t\t\t<\/div>\n\t\t    <\/div>\n\t\t<\/div>\n\n\t\t\n\t\t<div class=\"accordion-item\">\n\t\t\t<h2 class=\"accordion-header\">\n\t\t\t\t<button type=\"button\">\n\t\t        \t<p><strong>\u00bfPuede acompa\u00f1arme mi familia?<\/strong><\/p>\n\t\t\t\t<\/button>\n\t\t    <\/h2>\n\t\t    <div class=\"accordion-body\">\n\t\t\t\t<div>\n\t\t\t\t\t<p>Las condiciones de vida y de trabajo con M\u00e9dicos Sin Fronteras son a menudo incompatibles con la presencia de personas que no participan en los proyectos. La presencia de familias en los proyectos raramente ocurre y depende sobre todo de las condiciones de seguridad en los mismos. Cada caso es estudiado por separado. No obstante, nunca una persona que sale por primera vez con M\u00e9dicos Sin Fronteras podr\u00e1 ir acompa\u00f1ada de sus familiares.<\/p>\n\t\t\t\t<\/div>\n\t\t    <\/div>\n\t\t<\/div>\n\n\t\t\n\t\t<div class=\"accordion-item\">\n\t\t\t<h2 class=\"accordion-header\">\n\t\t\t\t<button type=\"button\">\n\t\t        \t<p><strong>\u00bfPuedo en mi primera misi\u00f3n viajar acompa\u00f1ado de mi pareja o con una persona a mi cargo?<\/strong><\/p>\n\t\t\t\t<\/button>\n\t\t    <\/h2>\n\t\t    <div class=\"accordion-body\">\n\t\t\t\t<div>\n\t\t\t\t\t<p>Exceptuando los puestos de coordinaci\u00f3n, el resto de personal expatriado de M\u00e9dicos Sin Fronteras no puede salir al terreno con pareja, al menos durante sus primeros 12 meses de trabajo en la organizaci\u00f3n. Una vez concluido ese periodo, y en el caso de parejas en las que ambos est\u00e9n trabajando en M\u00e9dicos Sin Fronteras, en ciertos casos podr\u00e1n solicitar una misi\u00f3n conjunta.<\/p>\n\t\t\t\t<\/div>\n\t\t    <\/div>\n\t\t<\/div>\n\n\t\t\n\t\t<div class=\"accordion-item\">\n\t\t\t<h2 class=\"accordion-header\">\n\t\t\t\t<button type=\"button\">\n\t\t        \t<p><strong>\u00bfLas colaboraciones profesionales con M\u00e9dicos Sin Fronteras\u00a0son retribuidas o voluntarias?<\/strong><\/p>\n\t\t\t\t<\/button>\n\t\t    <\/h2>\n\t\t    <div class=\"accordion-body\">\n\t\t\t\t<div>\n\t\t\t\t\t<p>M\u00e9dicos Sin Fronteras necesita profesionales cualificados en el terreno, por lo que siempre retribuye a sus trabajadores, no aceptando otras modalidades de colaboraci\u00f3n.<\/p>\n<p>Todos los profesionales de M\u00e9dicos Sin Fronteras disponen de contrato laboral, por el periodo en el que est\u00e9n en el proyecto.<\/p>\n<p>Las condiciones salariales no son la principal motivaci\u00f3n de las personas que trabajan en M\u00e9dicos Sin Fronteras, si bien la organizaci\u00f3n entiende que se deben cubrir sus gastos m\u00ednimos. En este sentido se cuenta con una escala salarial estructurada en funci\u00f3n del nivel de responsabilidad adquirida en el terreno. Durante el primer a\u00f1o, todas la personas contar\u00e1n con un salario inicial o indemnity ajustado (aprox. 900 \u20ac\/mes bruto), a partir de este periodo se computar\u00e1 la experiencia profesional previa y adecuadamente certificada.<\/p>\n<p>Adem\u00e1s del salario, M\u00e9dicos Sin Fronteras cubre a todo su personal en el terreno con un seguro privado que incluye cobertura m\u00e9dica y hospitalaria e incapacidades, as\u00ed como cualquier tipo de evacuaci\u00f3n. Igualmente, cubrir\u00e1 los costes habituales de expatriaci\u00f3n: chequeo m\u00e9dico antes y despu\u00e9s de la misi\u00f3n, vacunaci\u00f3n, desplazamientos, alojamiento, per diem, etc.<\/p>\n\t\t\t\t<\/div>\n\t\t    <\/div>\n\t\t<\/div>\n\n\t\t\n\t\t<div class=\"accordion-item\">\n\t\t\t<h2 class=\"accordion-header\">\n\t\t\t\t<button type=\"button\">\n\t\t        \t<p><strong>\u00bfPuedo desarrollar mi carrera profesional dentro de M\u00e9dicos Sin Fronteras?<\/strong><\/p>\n\t\t\t\t<\/button>\n\t\t    <\/h2>\n\t\t    <div class=\"accordion-body\">\n\t\t\t\t<div>\n\t\t\t\t\t<p>La asistencia humanitaria demanda profesionales experimentados dispuestos a aportar un alto nivel de competencias t\u00e9cnicas y personales. En este sentido, M\u00e9dicos Sin Fronteras es capaz de ofrecer oportunidades de crecimiento a los profesionales que est\u00e9n dispuestos a comprometerse con la organizaci\u00f3n. Por ello, apostamos por el desarrollo de la carrera profesional de nuestros miembros a trav\u00e9s de un sistema de promoci\u00f3n, formaci\u00f3n t\u00e9cnica de \u00e1mbito internacional, ayuda econ\u00f3mica para acceder a formaciones externas, posibilidad de contratos de larga duraci\u00f3n y planes de apoyo en el terreno.<\/p>\n\t\t\t\t<\/div>\n\t\t    <\/div>\n\t\t<\/div>\n\n\t\t\n\t\t<div class=\"accordion-item\">\n\t\t\t<h2 class=\"accordion-header\">\n\t\t\t\t<button type=\"button\">\n\t\t        \t<p><strong>\u00bfM\u00e9dicos Sin Fronteras\u00a0cuenta con una pol\u00edtica de formaci\u00f3n?<\/strong><\/p>\n\t\t\t\t<\/button>\n\t\t    <\/h2>\n\t\t    <div class=\"accordion-body\">\n\t\t\t\t<div>\n\t\t\t\t\t<p>Contamos con una pol\u00edtica de formaci\u00f3n dirigida a las personas que colaboran de forma continuada y asumen un compromiso duradero con M\u00e9dicos Sin Fronteras. Adem\u00e1s de los cursos que organizamos a nivel nacional e internacional, ofrecemos la posibilidad de acceder a ayuda econ\u00f3mica para realizar otras formaciones externas. La capacitaci\u00f3n del equipo humano es una de nuestras prioridades, y conlleva un compromiso de continuar trabajando con la organizaci\u00f3n.<\/p>\n\t\t\t\t<\/div>\n\t\t    <\/div>\n\t\t<\/div>\n\n\t\t\n\t\t<div class=\"accordion-item\">\n\t\t\t<h2 class=\"accordion-header\">\n\t\t\t\t<button type=\"button\">\n\t\t        \t<p><strong>\u00bfEs realmente importante mi nivel de idiomas para trabajar en el terreno?<\/strong><\/p>\n\t\t\t\t<\/button>\n\t\t    <\/h2>\n\t\t    <div class=\"accordion-body\">\n\t\t\t\t<div>\n\t\t\t\t\t<p>Es muy importante poseer un buen nivel de ingl\u00e9s y\/o franc\u00e9s, valor\u00e1ndose especialmente el conocimiento de ambos. Al ser una organizaci\u00f3n internacional, nuestros equipos est\u00e1n integrados por personas de or\u00edgenes diversos que adoptan como idioma com\u00fan de trabajo el m\u00e1s hablado en el pa\u00eds en el que desarrollan su labor. A la vez, el conocimiento de varios idiomas es un importante valor a\u00f1adido a la hora de asignar una misi\u00f3n, y para poder desarrollarte dentro de la organizaci\u00f3n y en contextos diversos.<\/p>\n\t\t\t\t<\/div>\n\t\t    <\/div>\n\t\t<\/div>\n\n\t\t\n\t\t<div class=\"accordion-item\">\n\t\t\t<h2 class=\"accordion-header\">\n\t\t\t\t<button type=\"button\">\n\t\t        \t<p><strong>\u00bfExiste un l\u00edmite de edad para trabajar en un proyecto?<\/strong><\/p>\n\t\t\t\t<\/button>\n\t\t    <\/h2>\n\t\t    <div class=\"accordion-body\">\n\t\t\t\t<div>\n\t\t\t\t\t<p>No hay un l\u00edmite de edad, pero el postulante debe tener en cuenta las condiciones de vida y de trabajo en el terreno (clima, distancias, etc.)<\/p>\n\t\t\t\t<\/div>\n\t\t    <\/div>\n\t\t<\/div>\n\n\t\t\n\t<\/div>\n\n<\/section><\/div><\/div><\/div><div id=\"panel-642-0-0-4\" class=\"so-panel widget_accordion-module panel-last-child\" data-index=\"4\" ><div id=\"en-el-terreno-testimonios\" class=\"panel-widget-style panel-widget-style-for-642-0-0-4\" ><div\n\t\t\t\n\t\t\tclass=\"so-widget-accordion-module so-widget-accordion-module-default-d75171398898-212\"\n\t\t\t\n\t\t>\n<section class=\"accordion mobile-grey desktop-grey\" style=\"--backgroundDesktop:var(--white);--primaryColorDesktop:var(--grey);--backgroundMobile:var(--white);--primaryColorMobile:var(--grey)\">\n\n\t\n\t\n\t<div class=\"accordion-container\">\n\n\t\t\n\t\t<div class=\"accordion-item\">\n\t\t\t<h2 class=\"accordion-header\">\n\t\t\t\t<button type=\"button\">\n\t\t        \t<p><strong>Mar\u00eda Rado- Infect\u00f3loga uruguaya<br \/>\n<\/strong><\/p>\n\t\t\t\t<\/button>\n\t\t    <\/h2>\n\t\t    <div class=\"accordion-body\">\n\t\t\t\t<div>\n\t\t\t\t\t<p>Para describir a M\u00e9dicos Sin Fronteras, yo dir\u00eda <strong>compromiso<\/strong>, tanto del personal que trabaja como de los pacientes, que nos permiten darle una mano. Por otro lado, es contribuir a que haya un poco m\u00e1s de<strong> justicia social<\/strong>.\u00a0M\u00e9dicos Sin Fronteras tambi\u00e9n es <strong>alegr\u00eda<\/strong>, porque sacamos muchas sonrisas.<\/p>\n<p>Para m\u00ed, <strong>cambiarle la vida a una persona<\/strong> y <strong>darle una oportunidad<\/strong> es un mont\u00f3n.<\/p>\n\t\t\t\t<\/div>\n\t\t    <\/div>\n\t\t<\/div>\n\n\t\t\n\t\t<div class=\"accordion-item\">\n\t\t\t<h2 class=\"accordion-header\">\n\t\t\t\t<button type=\"button\">\n\t\t        \t<p><strong>Franco Pugnaloni- Anestesi\u00f3logo argentino<br \/>\n<\/strong><\/p>\n\t\t\t\t<\/button>\n\t\t    <\/h2>\n\t\t    <div class=\"accordion-body\">\n\t\t\t\t<div>\n\t\t\t\t\t<p>Si tengo que definir a M\u00e9dicos Sin Frontera en tres palabras, uno ser\u00eda <strong>compromiso<\/strong>. Esto es m\u00e1s que un trabajo, ten\u00e9s que creer mucho en lo que hac\u00e9s.<\/p>\n<p>Luego, <strong>empat\u00eda<\/strong>. Muchas veces no hablamos el mismo idioma y la empat\u00eda nos permite conectar desde otro lugar.<\/p>\n<p>Y otro aspecto que tiene esta organizaci\u00f3n que, para m\u00ed, es s\u00faper valorable es el <strong>testimonio<\/strong>. Poder hablar por aquellos que no pueden hacerlo hace a M\u00e9dicos Sin Fronteras una organizaci\u00f3n que me llena de orgullo.<\/p>\n\t\t\t\t<\/div>\n\t\t    <\/div>\n\t\t<\/div>\n\n\t\t\n\t\t<div class=\"accordion-item\">\n\t\t\t<h2 class=\"accordion-header\">\n\t\t\t\t<button type=\"button\">\n\t\t        \t<p><strong>Mar\u00eda Luz Rodr\u00edguez- Matrona y psic\u00f3loga chilena<\/strong><\/p>\n\t\t\t\t<\/button>\n\t\t    <\/h2>\n\t\t    <div class=\"accordion-body\">\n\t\t\t\t<div>\n\t\t\t\t\t<p>Personalmente, me siento <strong>muy orgullosa<\/strong> de decir que trabajo en M\u00e9dicos Sin Fronteras. Cada vez que me toca ir a una misi\u00f3n es una alegr\u00eda s\u00faper importante el hecho de saber que voy a ir a apoyar tratando de de dar lo m\u00e1ximo, porque eso es lo que uno siempre hace cuando vamos al terreno: tratamos, como equipo de trabajo, de <strong>dar lo m\u00e1ximo que se pueda.<\/strong><\/p>\n\t\t\t\t<\/div>\n\t\t    <\/div>\n\t\t<\/div>\n\n\t\t\n\t<\/div>\n\n<\/section><\/div><\/div><\/div><\/div><\/div><\/div>","protected":false},"excerpt":{"rendered":"<p>Nuestros profesionales llevan ayuda m\u00e9dico-humanitaria a millones de personas en m\u00e1s de 70 pa\u00edses. \u00a1Te invitamos a sumarte!<\/p>\n","protected":false},"author":1,"featured_media":1351,"parent":1205,"menu_order":0,"comment_status":"closed","ping_status":"closed","template":"","meta":{"_acf_changed":false,"footnotes":""},"class_list":["post-642","page","type-page","status-publish","has-post-thumbnail","hentry"],"acf":[],"yoast_head":"<!-- This site is optimized with the Yoast SEO plugin v23.0 - https:\/\/yoast.com\/wordpress\/plugins\/seo\/ -->\n<title>En el terreno - M\u00e9dicos Sin Fronteras Colombia | Ayuda m\u00e9dico-humanitaria<\/title>\n<meta name=\"robots\" content=\"noindex, follow, max-snippet:-1, max-image-preview:large, max-video-preview:-1\" \/>\n<meta property=\"og:locale\" content=\"es_ES\" \/>\n<meta property=\"og:type\" content=\"article\" \/>\n<meta property=\"og:title\" content=\"En el terreno - M\u00e9dicos Sin Fronteras Colombia | Ayuda m\u00e9dico-humanitaria\" \/>\n<meta property=\"og:description\" content=\"Nuestros profesionales llevan ayuda m\u00e9dico-humanitaria a millones de personas en m\u00e1s de 70 pa\u00edses. \u00a1Te invitamos a sumarte!\" \/>\n<meta property=\"og:url\" content=\"https:\/\/pezgordon.com\/msf_dev\/trabaja\/en-el-terreno\/\" \/>\n<meta property=\"og:site_name\" content=\"M\u00e9dicos Sin Fronteras Colombia | Ayuda m\u00e9dico-humanitaria\" \/>\n<meta property=\"article:publisher\" content=\"https:\/\/www.facebook.com\/medicossinfronteras.ong\" \/>\n<meta property=\"article:modified_time\" content=\"2023-05-04T15:52:51+00:00\" \/>\n<meta property=\"og:image\" content=\"https:\/\/pezgordon.com\/msf_dev\/wp-content\/uploads\/2023\/04\/MSB135706_Medium.jpg\" \/>\n\t<meta property=\"og:image:width\" content=\"1000\" \/>\n\t<meta property=\"og:image:height\" content=\"666\" \/>\n\t<meta property=\"og:image:type\" content=\"image\/jpeg\" \/>\n<meta name=\"twitter:card\" content=\"summary_large_image\" \/>\n<meta name=\"twitter:site\" content=\"@MSF_Colombia\" \/>\n<script type=\"application\/ld+json\" class=\"yoast-schema-graph\">{\"@context\":\"https:\/\/schema.org\",\"@graph\":[{\"@type\":\"WebPage\",\"@id\":\"https:\/\/pezgordon.com\/msf_dev\/trabaja\/en-el-terreno\/\",\"url\":\"https:\/\/pezgordon.com\/msf_dev\/trabaja\/en-el-terreno\/\",\"name\":\"En el terreno - M\u00e9dicos Sin Fronteras Colombia | Ayuda m\u00e9dico-humanitaria\",\"isPartOf\":{\"@id\":\"https:\/\/pezgordon.com\/msf_dev\/#website\"},\"primaryImageOfPage\":{\"@id\":\"https:\/\/pezgordon.com\/msf_dev\/trabaja\/en-el-terreno\/#primaryimage\"},\"image\":{\"@id\":\"https:\/\/pezgordon.com\/msf_dev\/trabaja\/en-el-terreno\/#primaryimage\"},\"thumbnailUrl\":\"https:\/\/pezgordon.com\/msf_dev\/wp-content\/uploads\/2023\/04\/MSB135706_Medium.jpg\",\"datePublished\":\"2023-03-30T15:55:40+00:00\",\"dateModified\":\"2023-05-04T15:52:51+00:00\",\"breadcrumb\":{\"@id\":\"https:\/\/pezgordon.com\/msf_dev\/trabaja\/en-el-terreno\/#breadcrumb\"},\"inLanguage\":\"es\",\"potentialAction\":[{\"@type\":\"ReadAction\",\"target\":[\"https:\/\/pezgordon.com\/msf_dev\/trabaja\/en-el-terreno\/\"]}]},{\"@type\":\"ImageObject\",\"inLanguage\":\"es\",\"@id\":\"https:\/\/pezgordon.com\/msf_dev\/trabaja\/en-el-terreno\/#primaryimage\",\"url\":\"https:\/\/pezgordon.com\/msf_dev\/wp-content\/uploads\/2023\/04\/MSB135706_Medium.jpg\",\"contentUrl\":\"https:\/\/pezgordon.com\/msf_dev\/wp-content\/uploads\/2023\/04\/MSB135706_Medium.jpg\",\"width\":1000,\"height\":666,\"caption\":\"Cleaning up the mobile clinic for asylum-seekers in Ter Apel.\"},{\"@type\":\"BreadcrumbList\",\"@id\":\"https:\/\/pezgordon.com\/msf_dev\/trabaja\/en-el-terreno\/#breadcrumb\",\"itemListElement\":[{\"@type\":\"ListItem\",\"position\":1,\"name\":\"Home\",\"item\":\"https:\/\/pezgordon.com\/msf_dev\/\"},{\"@type\":\"ListItem\",\"position\":2,\"name\":\"Trabaja\",\"item\":\"https:\/\/pezgordon.com\/msf_dev\/trabaja\/\"},{\"@type\":\"ListItem\",\"position\":3,\"name\":\"En el terreno\"}]},{\"@type\":\"WebSite\",\"@id\":\"https:\/\/pezgordon.com\/msf_dev\/#website\",\"url\":\"https:\/\/pezgordon.com\/msf_dev\/\",\"name\":\"M\u00e9dicos Sin Fronteras Colombia | Ayuda m\u00e9dico-humanitaria\",\"description\":\"\",\"publisher\":{\"@id\":\"https:\/\/pezgordon.com\/msf_dev\/#organization\"},\"potentialAction\":[{\"@type\":\"SearchAction\",\"target\":{\"@type\":\"EntryPoint\",\"urlTemplate\":\"https:\/\/pezgordon.com\/msf_dev\/?s={search_term_string}\"},\"query-input\":\"required name=search_term_string\"}],\"inLanguage\":\"es\"},{\"@type\":\"Organization\",\"@id\":\"https:\/\/pezgordon.com\/msf_dev\/#organization\",\"name\":\"M\u00e9dicos Sin Fronteras Colombia\",\"alternateName\":\"MSF\",\"url\":\"https:\/\/pezgordon.com\/msf_dev\/\",\"logo\":{\"@type\":\"ImageObject\",\"inLanguage\":\"es\",\"@id\":\"https:\/\/pezgordon.com\/msf_dev\/#\/schema\/logo\/image\/\",\"url\":\"https:\/\/pezgordon.com\/msf_dev\/wp-content\/uploads\/2023\/05\/msf_organization.png\",\"contentUrl\":\"https:\/\/pezgordon.com\/msf_dev\/wp-content\/uploads\/2023\/05\/msf_organization.png\",\"width\":120,\"height\":120,\"caption\":\"M\u00e9dicos Sin Fronteras Colombia\"},\"image\":{\"@id\":\"https:\/\/pezgordon.com\/msf_dev\/#\/schema\/logo\/image\/\"},\"sameAs\":[\"https:\/\/www.facebook.com\/medicossinfronteras.ong\",\"https:\/\/x.com\/MSF_Colombia\",\"https:\/\/www.youtube.com\/user\/MedicosSinFronteras\",\"https:\/\/www.tiktok.com\/@medicossinfronteras\",\"https:\/\/www.instagram.com\/msf_sudamerica\",\"https:\/\/www.linkedin.com\/company\/msf-latam\/mycompany\/\"]}]}<\/script>\n<!-- \/ Yoast SEO plugin. -->","yoast_head_json":{"title":"En el terreno - M\u00e9dicos Sin Fronteras Colombia | Ayuda m\u00e9dico-humanitaria","robots":{"index":"noindex","follow":"follow","max-snippet":"max-snippet:-1","max-image-preview":"max-image-preview:large","max-video-preview":"max-video-preview:-1"},"og_locale":"es_ES","og_type":"article","og_title":"En el terreno - M\u00e9dicos Sin Fronteras Colombia | Ayuda m\u00e9dico-humanitaria","og_description":"Nuestros profesionales llevan ayuda m\u00e9dico-humanitaria a millones de personas en m\u00e1s de 70 pa\u00edses. \u00a1Te invitamos a sumarte!","og_url":"https:\/\/pezgordon.com\/msf_dev\/trabaja\/en-el-terreno\/","og_site_name":"M\u00e9dicos Sin Fronteras Colombia | Ayuda m\u00e9dico-humanitaria","article_publisher":"https:\/\/www.facebook.com\/medicossinfronteras.ong","article_modified_time":"2023-05-04T15:52:51+00:00","og_image":[{"width":1000,"height":666,"url":"https:\/\/pezgordon.com\/msf_dev\/wp-content\/uploads\/2023\/04\/MSB135706_Medium.jpg","type":"image\/jpeg"}],"twitter_card":"summary_large_image","twitter_site":"@MSF_Colombia","schema":{"@context":"https:\/\/schema.org","@graph":[{"@type":"WebPage","@id":"https:\/\/pezgordon.com\/msf_dev\/trabaja\/en-el-terreno\/","url":"https:\/\/pezgordon.com\/msf_dev\/trabaja\/en-el-terreno\/","name":"En el terreno - M\u00e9dicos Sin Fronteras Colombia | Ayuda m\u00e9dico-humanitaria","isPartOf":{"@id":"https:\/\/pezgordon.com\/msf_dev\/#website"},"primaryImageOfPage":{"@id":"https:\/\/pezgordon.com\/msf_dev\/trabaja\/en-el-terreno\/#primaryimage"},"image":{"@id":"https:\/\/pezgordon.com\/msf_dev\/trabaja\/en-el-terreno\/#primaryimage"},"thumbnailUrl":"https:\/\/pezgordon.com\/msf_dev\/wp-content\/uploads\/2023\/04\/MSB135706_Medium.jpg","datePublished":"2023-03-30T15:55:40+00:00","dateModified":"2023-05-04T15:52:51+00:00","breadcrumb":{"@id":"https:\/\/pezgordon.com\/msf_dev\/trabaja\/en-el-terreno\/#breadcrumb"},"inLanguage":"es","potentialAction":[{"@type":"ReadAction","target":["https:\/\/pezgordon.com\/msf_dev\/trabaja\/en-el-terreno\/"]}]},{"@type":"ImageObject","inLanguage":"es","@id":"https:\/\/pezgordon.com\/msf_dev\/trabaja\/en-el-terreno\/#primaryimage","url":"https:\/\/pezgordon.com\/msf_dev\/wp-content\/uploads\/2023\/04\/MSB135706_Medium.jpg","contentUrl":"https:\/\/pezgordon.com\/msf_dev\/wp-content\/uploads\/2023\/04\/MSB135706_Medium.jpg","width":1000,"height":666,"caption":"Cleaning up the mobile clinic for asylum-seekers in Ter Apel."},{"@type":"BreadcrumbList","@id":"https:\/\/pezgordon.com\/msf_dev\/trabaja\/en-el-terreno\/#breadcrumb","itemListElement":[{"@type":"ListItem","position":1,"name":"Home","item":"https:\/\/pezgordon.com\/msf_dev\/"},{"@type":"ListItem","position":2,"name":"Trabaja","item":"https:\/\/pezgordon.com\/msf_dev\/trabaja\/"},{"@type":"ListItem","position":3,"name":"En el terreno"}]},{"@type":"WebSite","@id":"https:\/\/pezgordon.com\/msf_dev\/#website","url":"https:\/\/pezgordon.com\/msf_dev\/","name":"M\u00e9dicos Sin Fronteras Colombia | Ayuda m\u00e9dico-humanitaria","description":"","publisher":{"@id":"https:\/\/pezgordon.com\/msf_dev\/#organization"},"potentialAction":[{"@type":"SearchAction","target":{"@type":"EntryPoint","urlTemplate":"https:\/\/pezgordon.com\/msf_dev\/?s={search_term_string}"},"query-input":"required name=search_term_string"}],"inLanguage":"es"},{"@type":"Organization","@id":"https:\/\/pezgordon.com\/msf_dev\/#organization","name":"M\u00e9dicos Sin Fronteras Colombia","alternateName":"MSF","url":"https:\/\/pezgordon.com\/msf_dev\/","logo":{"@type":"ImageObject","inLanguage":"es","@id":"https:\/\/pezgordon.com\/msf_dev\/#\/schema\/logo\/image\/","url":"https:\/\/pezgordon.com\/msf_dev\/wp-content\/uploads\/2023\/05\/msf_organization.png","contentUrl":"https:\/\/pezgordon.com\/msf_dev\/wp-content\/uploads\/2023\/05\/msf_organization.png","width":120,"height":120,"caption":"M\u00e9dicos Sin Fronteras Colombia"},"image":{"@id":"https:\/\/pezgordon.com\/msf_dev\/#\/schema\/logo\/image\/"},"sameAs":["https:\/\/www.facebook.com\/medicossinfronteras.ong","https:\/\/x.com\/MSF_Colombia","https:\/\/www.youtube.com\/user\/MedicosSinFronteras","https:\/\/www.tiktok.com\/@medicossinfronteras","https:\/\/www.instagram.com\/msf_sudamerica","https:\/\/www.linkedin.com\/company\/msf-latam\/mycompany\/"]}]}},"_links":{"self":[{"href":"https:\/\/pezgordon.com\/msf_dev\/wp-json\/wp\/v2\/pages\/642"}],"collection":[{"href":"https:\/\/pezgordon.com\/msf_dev\/wp-json\/wp\/v2\/pages"}],"about":[{"href":"https:\/\/pezgordon.com\/msf_dev\/wp-json\/wp\/v2\/types\/page"}],"author":[{"embeddable":true,"href":"https:\/\/pezgordon.com\/msf_dev\/wp-json\/wp\/v2\/users\/1"}],"replies":[{"embeddable":true,"href":"https:\/\/pezgordon.com\/msf_dev\/wp-json\/wp\/v2\/comments?post=642"}],"version-history":[{"count":38,"href":"https:\/\/pezgordon.com\/msf_dev\/wp-json\/wp\/v2\/pages\/642\/revisions"}],"predecessor-version":[{"id":2326,"href":"https:\/\/pezgordon.com\/msf_dev\/wp-json\/wp\/v2\/pages\/642\/revisions\/2326"}],"up":[{"embeddable":true,"href":"https:\/\/pezgordon.com\/msf_dev\/wp-json\/wp\/v2\/pages\/1205"}],"wp:featuredmedia":[{"embeddable":true,"href":"https:\/\/pezgordon.com\/msf_dev\/wp-json\/wp\/v2\/media\/1351"}],"wp:attachment":[{"href":"https:\/\/pezgordon.com\/msf_dev\/wp-json\/wp\/v2\/media?parent=642"}],"curies":[{"name":"wp","href":"https:\/\/api.w.org\/{rel}","templated":true}]}}