{"id":489,"date":"2023-03-29T10:12:02","date_gmt":"2023-03-29T13:12:02","guid":{"rendered":"https:\/\/pezgordon.com\/msf_dev\/?page_id=489"},"modified":"2023-05-10T15:20:55","modified_gmt":"2023-05-10T18:20:55","slug":"que-hacemos","status":"publish","type":"page","link":"https:\/\/pezgordon.com\/msf_dev\/conocenos\/que-hacemos\/","title":{"rendered":"Qu\u00e9 hacemos"},"content":{"rendered":"<div id=\"pl-489\"  class=\"panel-layout\" ><div id=\"pg-489-0\"  class=\"panel-grid panel-no-style\" ><div id=\"pgc-489-0-0\"  class=\"panel-grid-cell\" ><div id=\"panel-489-0-0-0\" class=\"so-panel widget_blocks-module panel-first-child\" data-index=\"0\" ><div\n\t\t\t\n\t\t\tclass=\"so-widget-blocks-module so-widget-blocks-module-default-d75171398898-489\"\n\t\t\t\n\t\t>\n\n<section class=\"text-image-module b-grey big-title\">\n\n\t<div class=\"col\">\n\n\t\t<h2 class=\"semi_bold c-red\">Guerras y violencia<\/h2>\n\n\t\t<p>Trabajamos para reducir la mortalidad, la morbilidad y el sufrimiento humano de las v\u00edctimas de la violencia directa, las personas heridas de guerra y las v\u00edctimas de la violencia sexual. Tambi\u00e9n brindamos atenci\u00f3n a la\u00a0salud mental\u00a0como componente esencial de nuestra asistencia en conflictos.<\/p>\n\n\t\t\t\t<a href=\"https:\/\/pezgordon.com\/msf_dev\/conocenos\/que-hacemos\/guerras-y-violencia\/\" title=\"Leer m\u00e1s\">Leer m\u00e1s<\/a>\n\t\t\n\t<\/div>\n\n\t<div class=\"col\">\n\t\t<img loading=\"lazy\" decoding=\"async\" width=\"700\" height=\"467\" src=\"https:\/\/pezgordon.com\/msf_dev\/wp-content\/uploads\/2023\/04\/MSF230548_Medium-700x467.jpg\" class=\"attachment-medium size-medium\" alt=\"\" \/>\t\t\t<\/div>\n\n<\/section>\n\n\n<section class=\"text-image-module b-grey big-title\">\n\n\t<div class=\"col\">\n\n\t\t<h2 class=\"semi_bold c-red\">Epidemias y pandemias<\/h2>\n\n\t\t<p>Trabajamos tanto para prevenir como para dar respuesta a epidemias. Vigilamos que no se produzcan brotes epid\u00e9micos en determinados pa\u00edses y nuestros equipos sanitarios atienden a las poblaciones afectadas y lanzan campa\u00f1as que incluyen vacunaci\u00f3n y concientizaci\u00f3n de las comunidades.<\/p>\n\n\t\t\t\t<a href=\"https:\/\/pezgordon.com\/msf_dev\/conocenos\/que-hacemos\/epidemias-y-pandemias\/\" title=\"Leer m\u00e1s\">Leer m\u00e1s<\/a>\n\t\t\n\t<\/div>\n\n\t<div class=\"col\">\n\t\t<img loading=\"lazy\" decoding=\"async\" width=\"700\" height=\"467\" src=\"https:\/\/pezgordon.com\/msf_dev\/wp-content\/uploads\/2023\/04\/MSF311837_Medium-700x467.jpg\" class=\"attachment-medium size-medium\" alt=\"\" \/>\t\t\t<\/div>\n\n<\/section>\n\n\n<section class=\"text-image-module b-grey big-title\">\n\n\t<div class=\"col\">\n\n\t\t<h2 class=\"semi_bold c-red\">Desplazamientos y migraciones<\/h2>\n\n\t\t<p>Brindamos asistencia m\u00e9dica integral a personas que huyen de sus hogares para escapar de la miseria, la violencia o la guerra. Adem\u00e1s, trabajamos para paliar las consecuencias de las deficiencias sanitarias y del hacinamiento de los asentamientos improvisados, a trav\u00e9s del reparto de art\u00edculos de primera necesidad, la distribuci\u00f3n de agua o la construcci\u00f3n de letrinas.<\/p>\n<p>Sostenemos que buscar refugio no es un crimen.<\/p>\n\n\t\t\t\t<a href=\"https:\/\/pezgordon.com\/msf_dev\/conocenos\/que-hacemos\/desplazamientos-y-migraciones\/\" title=\"Leer m\u00e1s\">Leer m\u00e1s<\/a>\n\t\t\n\t<\/div>\n\n\t<div class=\"col\">\n\t\t<img loading=\"lazy\" decoding=\"async\" width=\"700\" height=\"467\" src=\"https:\/\/pezgordon.com\/msf_dev\/wp-content\/uploads\/2023\/04\/MSB82609_Medium-700x467.jpg\" class=\"attachment-medium size-medium\" alt=\"\" \/>\t\t\t<\/div>\n\n<\/section>\n\n\n<section class=\"text-image-module b-grey big-title\">\n\n\t<div class=\"col\">\n\n\t\t<h2 class=\"semi_bold c-red\">Desastres naturales<\/h2>\n\n\t\t<p>Los fen\u00f3menos naturales de gran magnitud suelen provocar terribles p\u00e9rdidas humanas y materiales cuando se producen cerca de zonas habitadas.<\/p>\n<p>En estos contextos, la inmediatez de la respuesta m\u00e9dico-humanitaria es crucial para salvar el m\u00e1ximo de vidas posible. Tenemos que actuar r\u00e1pidamente Adem\u00e1s, no todos los desastres naturales generan las mismas consecuencias, por lo que debemos primero evaluar las necesidades de las personas afectadas para luego proporcionar ayuda mediante diferentes acciones: atenci\u00f3n m\u00e9dica de urgencia, servicios obst\u00e9tricos, apoyo en salud mental, atenci\u00f3n ortop\u00e9dica y de rehabilitaci\u00f3n, distribuci\u00f3n de art\u00edculos de primera necesidad y acceso al agua potable, entre otras.<\/p>\n\n\t\t\t\t<a href=\"https:\/\/pezgordon.com\/msf_dev\/conocenos\/que-hacemos\/desastres-naturales\/\" title=\"Leer m\u00e1s\">Leer m\u00e1s<\/a>\n\t\t\n\t<\/div>\n\n\t<div class=\"col\">\n\t\t<img loading=\"lazy\" decoding=\"async\" width=\"647\" height=\"485\" src=\"https:\/\/pezgordon.com\/msf_dev\/wp-content\/uploads\/2023\/04\/MSB94883_Medium-647x485.jpg\" class=\"attachment-medium size-medium\" alt=\"\" \/>\t\t\t<\/div>\n\n<\/section>\n\n\n<section class=\"text-image-module b-grey big-title\">\n\n\t<div class=\"col\">\n\n\t\t<h2 class=\"semi_bold c-red\">Enfermedades olvidadas<\/h2>\n\n\t\t<p>Existen enfermedades que permanecen ignoradas para los pa\u00edses de mayores recursos, pero afectan a muchas personas en otras partes del mundo, como el kala azar, el noma o la enfermedad del sue\u00f1o. Estas no son prioritarias para la agenda pol\u00edtica y la industria farmac\u00e9utica, por lo que no se invierte en herramientas para su diagn\u00f3stico y tratamiento.<\/p>\n<p>Desde nuestra organizaci\u00f3n, venimos desde hace d\u00e9cadas no solo trabajando en la atenci\u00f3n de las personas afectadas por muchas de estas enfermedades, sino tambi\u00e9n difundiendo sobre ellas para luchar contra el olvido y avanzar en su tratamiento y erradicaci\u00f3n.<\/p>\n\n\t\t\t\t<a href=\"https:\/\/pezgordon.com\/msf_dev\/conocenos\/que-hacemos\/enfermedades-olvidadas\/\" title=\"Leer m\u00e1s\">Leer m\u00e1s<\/a>\n\t\t\n\t<\/div>\n\n\t<div class=\"col\">\n\t\t<img loading=\"lazy\" decoding=\"async\" width=\"700\" height=\"467\" src=\"https:\/\/pezgordon.com\/msf_dev\/wp-content\/uploads\/2023\/04\/MSB30461_Medium-700x467.jpg\" class=\"attachment-medium size-medium\" alt=\"\" \/>\t\t\t<\/div>\n\n<\/section>\n\n\n<section class=\"text-image-module b-grey big-title\">\n\n\t<div class=\"col\">\n\n\t\t<h2 class=\"semi_bold c-red\">Exclusi\u00f3n de la atenci\u00f3n  sanitaria<\/h2>\n\n\t\t<p>Proporcionamos atenci\u00f3n m\u00e9dica y en salud mental a personas excluidas deliberadamente de la asistencia en salud (migrantes en situaci\u00f3n irregular, minor\u00edas \u00e9tnicas, poblaci\u00f3n penitenciaria, v\u00edctimas del consumo de drogas, entre otras) y a quienes no buscan ayuda m\u00e9dica por temor a la estigmatizaci\u00f3n que sufren.<\/p>\n<p>En estos casos, adem\u00e1s de la atenci\u00f3n m\u00e9dica, nuestras actividades tienen un componente muy importante de testimonio e incidencia pol\u00edtica: nuestro objetivo es llamar la atenci\u00f3n sobre la exclusi\u00f3n que sufren estas personas y movilizar a las organizaciones civiles locales y a las autoridades competentes para que cubran este vac\u00edo.<\/p>\n\n\t\t\t\t<a href=\"https:\/\/pezgordon.com\/msf_dev\/conocenos\/que-hacemos\/exclusion-de-la-atencion-sanitaria\/\" title=\"Leer m\u00e1s\">Leer m\u00e1s<\/a>\n\t\t\n\t<\/div>\n\n\t<div class=\"col\">\n\t\t<img loading=\"lazy\" decoding=\"async\" width=\"700\" height=\"467\" src=\"https:\/\/pezgordon.com\/msf_dev\/wp-content\/uploads\/2023\/04\/MSF223485_Medium-700x467.jpg\" class=\"attachment-medium size-medium\" alt=\"\" \/>\t\t\t<\/div>\n\n<\/section>\n\n\n<section class=\"text-image-module b-grey big-title\">\n\n\t<div class=\"col\">\n\n\t\t<h2 class=\"semi_bold c-red\">Acceso a medicamentos<\/h2>\n\n\t\t<p>En 1999, lanzamos la Campa\u00f1a de Acceso a Medicamentos Esenciales (hoy Campa\u00f1a de Acceso) para luchar contra las barreras pol\u00edticas y legales que impiden que las personas puedan recibir tratamientos eficaces y a precio asequible.<br \/>\nDurante todo este tiempo, hemos trabajado con la sociedad civil para lograr que las farmac\u00e9uticas, los gobiernos y otras entidades implicadas en el acceso a los medicamentos y tratamientos prioricen la vida y la salud de las personas por encima de las patentes y los beneficios econ\u00f3micos.<\/p>\n<p>Pedimos tambi\u00e9n una mayor transparencia en los costes de desarrollo y producci\u00f3n de las herramientas m\u00e9dicas.<\/p>\n\n\t\t\t\t<a href=\"https:\/\/pezgordon.com\/msf_dev\/conocenos\/que-hacemos\/acceso-a-medicamentos\/\" title=\"Leer m\u00e1s\">Leer m\u00e1s<\/a>\n\t\t\n\t<\/div>\n\n\t<div class=\"col\">\n\t\t<img loading=\"lazy\" decoding=\"async\" width=\"700\" height=\"407\" src=\"https:\/\/pezgordon.com\/msf_dev\/wp-content\/uploads\/2023\/04\/MSB117727_Medium-700x407.jpg\" class=\"attachment-medium size-medium\" alt=\"\" \/>\t\t\t<\/div>\n\n<\/section>\n\n<\/div><\/div><div id=\"panel-489-0-0-1\" class=\"so-panel widget_links-module panel-last-child\" data-index=\"1\" ><div\n\t\t\t\n\t\t\tclass=\"so-widget-links-module so-widget-links-module-default-d75171398898-489\"\n\t\t\t\n\t\t>\n<section class=\"pages-grid\">\n\n\t\n\t\n\t<div class=\"grid\">\n\n\t\t\n\t\t<div>\n\t\t\t<div class=\"thumbnail\">\n\t\t\t\t<img loading=\"lazy\" decoding=\"async\" width=\"150\" height=\"150\" src=\"https:\/\/pezgordon.com\/msf_dev\/wp-content\/uploads\/2022\/11\/msb127722_clinica_movil_campo_personas_desplazadas_internamente_kaya_burkina_faso-150x150.jpg\" class=\"attachment-thumbnail size-thumbnail\" alt=\"Cl\u00ednica m\u00f3vil de MSF en el campo para personas desplazadas internamente de Kaya, en Burkina Faso\" srcset=\"https:\/\/pezgordon.com\/msf_dev\/wp-content\/uploads\/2022\/11\/msb127722_clinica_movil_campo_personas_desplazadas_internamente_kaya_burkina_faso-150x150.jpg 150w, https:\/\/pezgordon.com\/msf_dev\/wp-content\/uploads\/2022\/11\/msb127722_clinica_movil_campo_personas_desplazadas_internamente_kaya_burkina_faso-700x467.jpg 700w\" sizes=\"(max-width: 768px) 40px, 700px\" \/>\t\t\t<\/div>\n\t\t\t<div class=\"content\">\n\t\t\t\t<h2 class=\"semi_bold\">Nuestro activismo<\/h2>\n\t\t\t\t<p class=\"hide_mobile\">Nuestra organizaci\u00f3n fue creada por m\u00e9dicos y periodistas, por lo que tenemos una doble misi\u00f3n social: dar atenci\u00f3n m\u00e9dica y brindar testimonio.<\/p>\n\t\t\t\t\t\t\t\t<a href=\"https:\/\/pezgordon.com\/msf_dev\/conocenos\/que-hacemos\/nuestro-activismo\/\" title=\"\">Leer m\u00e1s<\/a>\n\t\t\t\t\t\t\t<\/div>\n\t\t<\/div>\n\n\t\t\n\t\t<div>\n\t\t\t<div class=\"thumbnail\">\n\t\t\t\t<img loading=\"lazy\" decoding=\"async\" width=\"150\" height=\"150\" src=\"https:\/\/pezgordon.com\/msf_dev\/wp-content\/uploads\/2023\/04\/MSB149039_Medium-150x150.jpg\" class=\"attachment-thumbnail size-thumbnail\" alt=\"\" srcset=\"https:\/\/pezgordon.com\/msf_dev\/wp-content\/uploads\/2023\/04\/MSB149039_Medium-150x150.jpg 150w, https:\/\/pezgordon.com\/msf_dev\/wp-content\/uploads\/2023\/04\/MSB149039_Medium-700x467.jpg 700w\" sizes=\"(max-width: 768px) 40px, 700px\" \/>\t\t\t<\/div>\n\t\t\t<div class=\"content\">\n\t\t\t\t<h2 class=\"semi_bold\">C\u00f3mo enviamos la ayuda<\/h2>\n\t\t\t\t<p class=\"hide_mobile\">Para poder responder r\u00e1pidamente a las emergencias y mantener nuestros proyectos regulares en m\u00e1s de 70 pa\u00edses, contamos con una red de log\u00edstica profesionalizada.<\/p>\n\t\t\t\t\t\t\t\t<a href=\"https:\/\/pezgordon.com\/msf_dev\/conocenos\/que-hacemos\/como-enviamos-la-ayuda\/\" title=\"\">Leer m\u00e1s<\/a>\n\t\t\t\t\t\t\t<\/div>\n\t\t<\/div>\n\n\t\t\n\t\t<div>\n\t\t\t<div class=\"thumbnail\">\n\t\t\t\t<img loading=\"lazy\" decoding=\"async\" width=\"150\" height=\"150\" src=\"https:\/\/pezgordon.com\/msf_dev\/wp-content\/uploads\/2023\/04\/WhatsApp-Image-2022-11-10-at-4.59.00-PM-150x150.jpeg\" class=\"attachment-thumbnail size-thumbnail\" alt=\"\" srcset=\"https:\/\/pezgordon.com\/msf_dev\/wp-content\/uploads\/2023\/04\/WhatsApp-Image-2022-11-10-at-4.59.00-PM-150x150.jpeg 150w, https:\/\/pezgordon.com\/msf_dev\/wp-content\/uploads\/2023\/04\/WhatsApp-Image-2022-11-10-at-4.59.00-PM-700x394.jpeg 700w\" sizes=\"(max-width: 768px) 40px, 700px\" \/>\t\t\t<\/div>\n\t\t\t<div class=\"content\">\n\t\t\t\t<h2 class=\"semi_bold\">Nuestro trabajo en Colombia<\/h2>\n\t\t\t\t<p class=\"hide_mobile\">Nos encontramos en Alto Baud\u00f3, Choc\u00f3, con un modelo de atenci\u00f3n descentralizada. Adem\u00e1s, contamos con el Sistema de Respuesta a Emergencias de Colombia.\u00a0<\/p>\n\t\t\t\t\t\t\t\t<a href=\"https:\/\/pezgordon.com\/msf_dev\/conocenos\/que-hacemos\/nuestro-trabajo-en-colombia\/\" title=\"\">Leer m\u00e1s<\/a>\n\t\t\t\t\t\t\t<\/div>\n\t\t<\/div>\n\n\t\t\n\t<\/div>\n\n<\/section><\/div><\/div><\/div><\/div><\/div>","protected":false},"excerpt":{"rendered":"<p>Vamos a donde m\u00e1s se nos necesita para brindar atenci\u00f3n m\u00e9dico-humanitaria. Asistimos en contextos de emergencia para que las personas puedan acceder a los servicios de salud y\/o a recursos que tienen un impacto fundamental en su bienestar.<\/p>\n","protected":false},"author":1,"featured_media":490,"parent":1210,"menu_order":0,"comment_status":"closed","ping_status":"closed","template":"","meta":{"_acf_changed":false,"footnotes":""},"class_list":["post-489","page","type-page","status-publish","has-post-thumbnail","hentry"],"acf":[],"yoast_head":"<!-- This site is optimized with the Yoast SEO plugin v23.0 - https:\/\/yoast.com\/wordpress\/plugins\/seo\/ -->\n<title>Qu\u00e9 hacemos - M\u00e9dicos Sin Fronteras Colombia | Ayuda m\u00e9dico-humanitaria<\/title>\n<meta name=\"robots\" content=\"noindex, follow, max-snippet:-1, max-image-preview:large, max-video-preview:-1\" \/>\n<meta property=\"og:locale\" content=\"es_ES\" \/>\n<meta property=\"og:type\" content=\"article\" \/>\n<meta property=\"og:title\" content=\"Qu\u00e9 hacemos - M\u00e9dicos Sin Fronteras Colombia | Ayuda m\u00e9dico-humanitaria\" \/>\n<meta property=\"og:description\" content=\"Vamos a donde m\u00e1s se nos necesita para brindar atenci\u00f3n m\u00e9dico-humanitaria. Asistimos en contextos de emergencia para que las personas puedan acceder a los servicios de salud y\/o a recursos que tienen un impacto fundamental en su bienestar.\" \/>\n<meta property=\"og:url\" content=\"https:\/\/pezgordon.com\/msf_dev\/conocenos\/que-hacemos\/\" \/>\n<meta property=\"og:site_name\" content=\"M\u00e9dicos Sin Fronteras Colombia | Ayuda m\u00e9dico-humanitaria\" \/>\n<meta property=\"article:publisher\" content=\"https:\/\/www.facebook.com\/medicossinfronteras.ong\" \/>\n<meta property=\"article:modified_time\" content=\"2023-05-10T18:20:55+00:00\" \/>\n<meta property=\"og:image\" content=\"https:\/\/pezgordon.com\/msf_dev\/wp-content\/uploads\/2023\/03\/que-hacemos-placeholder.jpg\" \/>\n\t<meta property=\"og:image:width\" content=\"1701\" \/>\n\t<meta property=\"og:image:height\" content=\"815\" \/>\n\t<meta property=\"og:image:type\" content=\"image\/jpeg\" \/>\n<meta name=\"twitter:card\" content=\"summary_large_image\" \/>\n<meta name=\"twitter:site\" content=\"@MSF_Colombia\" \/>\n<script type=\"application\/ld+json\" class=\"yoast-schema-graph\">{\"@context\":\"https:\/\/schema.org\",\"@graph\":[{\"@type\":\"WebPage\",\"@id\":\"https:\/\/pezgordon.com\/msf_dev\/conocenos\/que-hacemos\/\",\"url\":\"https:\/\/pezgordon.com\/msf_dev\/conocenos\/que-hacemos\/\",\"name\":\"Qu\u00e9 hacemos - M\u00e9dicos Sin Fronteras Colombia | Ayuda m\u00e9dico-humanitaria\",\"isPartOf\":{\"@id\":\"https:\/\/pezgordon.com\/msf_dev\/#website\"},\"primaryImageOfPage\":{\"@id\":\"https:\/\/pezgordon.com\/msf_dev\/conocenos\/que-hacemos\/#primaryimage\"},\"image\":{\"@id\":\"https:\/\/pezgordon.com\/msf_dev\/conocenos\/que-hacemos\/#primaryimage\"},\"thumbnailUrl\":\"https:\/\/pezgordon.com\/msf_dev\/wp-content\/uploads\/2023\/03\/que-hacemos-placeholder.jpg\",\"datePublished\":\"2023-03-29T13:12:02+00:00\",\"dateModified\":\"2023-05-10T18:20:55+00:00\",\"breadcrumb\":{\"@id\":\"https:\/\/pezgordon.com\/msf_dev\/conocenos\/que-hacemos\/#breadcrumb\"},\"inLanguage\":\"es\",\"potentialAction\":[{\"@type\":\"ReadAction\",\"target\":[\"https:\/\/pezgordon.com\/msf_dev\/conocenos\/que-hacemos\/\"]}]},{\"@type\":\"ImageObject\",\"inLanguage\":\"es\",\"@id\":\"https:\/\/pezgordon.com\/msf_dev\/conocenos\/que-hacemos\/#primaryimage\",\"url\":\"https:\/\/pezgordon.com\/msf_dev\/wp-content\/uploads\/2023\/03\/que-hacemos-placeholder.jpg\",\"contentUrl\":\"https:\/\/pezgordon.com\/msf_dev\/wp-content\/uploads\/2023\/03\/que-hacemos-placeholder.jpg\",\"width\":1701,\"height\":815},{\"@type\":\"BreadcrumbList\",\"@id\":\"https:\/\/pezgordon.com\/msf_dev\/conocenos\/que-hacemos\/#breadcrumb\",\"itemListElement\":[{\"@type\":\"ListItem\",\"position\":1,\"name\":\"Home\",\"item\":\"https:\/\/pezgordon.com\/msf_dev\/\"},{\"@type\":\"ListItem\",\"position\":2,\"name\":\"Con\u00f3cenos\",\"item\":\"https:\/\/pezgordon.com\/msf_dev\/conocenos\/\"},{\"@type\":\"ListItem\",\"position\":3,\"name\":\"Qu\u00e9 hacemos\"}]},{\"@type\":\"WebSite\",\"@id\":\"https:\/\/pezgordon.com\/msf_dev\/#website\",\"url\":\"https:\/\/pezgordon.com\/msf_dev\/\",\"name\":\"M\u00e9dicos Sin Fronteras Colombia | Ayuda m\u00e9dico-humanitaria\",\"description\":\"\",\"publisher\":{\"@id\":\"https:\/\/pezgordon.com\/msf_dev\/#organization\"},\"potentialAction\":[{\"@type\":\"SearchAction\",\"target\":{\"@type\":\"EntryPoint\",\"urlTemplate\":\"https:\/\/pezgordon.com\/msf_dev\/?s={search_term_string}\"},\"query-input\":\"required name=search_term_string\"}],\"inLanguage\":\"es\"},{\"@type\":\"Organization\",\"@id\":\"https:\/\/pezgordon.com\/msf_dev\/#organization\",\"name\":\"M\u00e9dicos Sin Fronteras Colombia\",\"alternateName\":\"MSF\",\"url\":\"https:\/\/pezgordon.com\/msf_dev\/\",\"logo\":{\"@type\":\"ImageObject\",\"inLanguage\":\"es\",\"@id\":\"https:\/\/pezgordon.com\/msf_dev\/#\/schema\/logo\/image\/\",\"url\":\"https:\/\/pezgordon.com\/msf_dev\/wp-content\/uploads\/2023\/05\/msf_organization.png\",\"contentUrl\":\"https:\/\/pezgordon.com\/msf_dev\/wp-content\/uploads\/2023\/05\/msf_organization.png\",\"width\":120,\"height\":120,\"caption\":\"M\u00e9dicos Sin Fronteras Colombia\"},\"image\":{\"@id\":\"https:\/\/pezgordon.com\/msf_dev\/#\/schema\/logo\/image\/\"},\"sameAs\":[\"https:\/\/www.facebook.com\/medicossinfronteras.ong\",\"https:\/\/x.com\/MSF_Colombia\",\"https:\/\/www.youtube.com\/user\/MedicosSinFronteras\",\"https:\/\/www.tiktok.com\/@medicossinfronteras\",\"https:\/\/www.instagram.com\/msf_sudamerica\",\"https:\/\/www.linkedin.com\/company\/msf-latam\/mycompany\/\"]}]}<\/script>\n<!-- \/ Yoast SEO plugin. -->","yoast_head_json":{"title":"Qu\u00e9 hacemos - M\u00e9dicos Sin Fronteras Colombia | Ayuda m\u00e9dico-humanitaria","robots":{"index":"noindex","follow":"follow","max-snippet":"max-snippet:-1","max-image-preview":"max-image-preview:large","max-video-preview":"max-video-preview:-1"},"og_locale":"es_ES","og_type":"article","og_title":"Qu\u00e9 hacemos - M\u00e9dicos Sin Fronteras Colombia | Ayuda m\u00e9dico-humanitaria","og_description":"Vamos a donde m\u00e1s se nos necesita para brindar atenci\u00f3n m\u00e9dico-humanitaria. Asistimos en contextos de emergencia para que las personas puedan acceder a los servicios de salud y\/o a recursos que tienen un impacto fundamental en su bienestar.","og_url":"https:\/\/pezgordon.com\/msf_dev\/conocenos\/que-hacemos\/","og_site_name":"M\u00e9dicos Sin Fronteras Colombia | Ayuda m\u00e9dico-humanitaria","article_publisher":"https:\/\/www.facebook.com\/medicossinfronteras.ong","article_modified_time":"2023-05-10T18:20:55+00:00","og_image":[{"width":1701,"height":815,"url":"https:\/\/pezgordon.com\/msf_dev\/wp-content\/uploads\/2023\/03\/que-hacemos-placeholder.jpg","type":"image\/jpeg"}],"twitter_card":"summary_large_image","twitter_site":"@MSF_Colombia","schema":{"@context":"https:\/\/schema.org","@graph":[{"@type":"WebPage","@id":"https:\/\/pezgordon.com\/msf_dev\/conocenos\/que-hacemos\/","url":"https:\/\/pezgordon.com\/msf_dev\/conocenos\/que-hacemos\/","name":"Qu\u00e9 hacemos - M\u00e9dicos Sin Fronteras Colombia | Ayuda m\u00e9dico-humanitaria","isPartOf":{"@id":"https:\/\/pezgordon.com\/msf_dev\/#website"},"primaryImageOfPage":{"@id":"https:\/\/pezgordon.com\/msf_dev\/conocenos\/que-hacemos\/#primaryimage"},"image":{"@id":"https:\/\/pezgordon.com\/msf_dev\/conocenos\/que-hacemos\/#primaryimage"},"thumbnailUrl":"https:\/\/pezgordon.com\/msf_dev\/wp-content\/uploads\/2023\/03\/que-hacemos-placeholder.jpg","datePublished":"2023-03-29T13:12:02+00:00","dateModified":"2023-05-10T18:20:55+00:00","breadcrumb":{"@id":"https:\/\/pezgordon.com\/msf_dev\/conocenos\/que-hacemos\/#breadcrumb"},"inLanguage":"es","potentialAction":[{"@type":"ReadAction","target":["https:\/\/pezgordon.com\/msf_dev\/conocenos\/que-hacemos\/"]}]},{"@type":"ImageObject","inLanguage":"es","@id":"https:\/\/pezgordon.com\/msf_dev\/conocenos\/que-hacemos\/#primaryimage","url":"https:\/\/pezgordon.com\/msf_dev\/wp-content\/uploads\/2023\/03\/que-hacemos-placeholder.jpg","contentUrl":"https:\/\/pezgordon.com\/msf_dev\/wp-content\/uploads\/2023\/03\/que-hacemos-placeholder.jpg","width":1701,"height":815},{"@type":"BreadcrumbList","@id":"https:\/\/pezgordon.com\/msf_dev\/conocenos\/que-hacemos\/#breadcrumb","itemListElement":[{"@type":"ListItem","position":1,"name":"Home","item":"https:\/\/pezgordon.com\/msf_dev\/"},{"@type":"ListItem","position":2,"name":"Con\u00f3cenos","item":"https:\/\/pezgordon.com\/msf_dev\/conocenos\/"},{"@type":"ListItem","position":3,"name":"Qu\u00e9 hacemos"}]},{"@type":"WebSite","@id":"https:\/\/pezgordon.com\/msf_dev\/#website","url":"https:\/\/pezgordon.com\/msf_dev\/","name":"M\u00e9dicos Sin Fronteras Colombia | Ayuda m\u00e9dico-humanitaria","description":"","publisher":{"@id":"https:\/\/pezgordon.com\/msf_dev\/#organization"},"potentialAction":[{"@type":"SearchAction","target":{"@type":"EntryPoint","urlTemplate":"https:\/\/pezgordon.com\/msf_dev\/?s={search_term_string}"},"query-input":"required name=search_term_string"}],"inLanguage":"es"},{"@type":"Organization","@id":"https:\/\/pezgordon.com\/msf_dev\/#organization","name":"M\u00e9dicos Sin Fronteras Colombia","alternateName":"MSF","url":"https:\/\/pezgordon.com\/msf_dev\/","logo":{"@type":"ImageObject","inLanguage":"es","@id":"https:\/\/pezgordon.com\/msf_dev\/#\/schema\/logo\/image\/","url":"https:\/\/pezgordon.com\/msf_dev\/wp-content\/uploads\/2023\/05\/msf_organization.png","contentUrl":"https:\/\/pezgordon.com\/msf_dev\/wp-content\/uploads\/2023\/05\/msf_organization.png","width":120,"height":120,"caption":"M\u00e9dicos Sin Fronteras Colombia"},"image":{"@id":"https:\/\/pezgordon.com\/msf_dev\/#\/schema\/logo\/image\/"},"sameAs":["https:\/\/www.facebook.com\/medicossinfronteras.ong","https:\/\/x.com\/MSF_Colombia","https:\/\/www.youtube.com\/user\/MedicosSinFronteras","https:\/\/www.tiktok.com\/@medicossinfronteras","https:\/\/www.instagram.com\/msf_sudamerica","https:\/\/www.linkedin.com\/company\/msf-latam\/mycompany\/"]}]}},"_links":{"self":[{"href":"https:\/\/pezgordon.com\/msf_dev\/wp-json\/wp\/v2\/pages\/489"}],"collection":[{"href":"https:\/\/pezgordon.com\/msf_dev\/wp-json\/wp\/v2\/pages"}],"about":[{"href":"https:\/\/pezgordon.com\/msf_dev\/wp-json\/wp\/v2\/types\/page"}],"author":[{"embeddable":true,"href":"https:\/\/pezgordon.com\/msf_dev\/wp-json\/wp\/v2\/users\/1"}],"replies":[{"embeddable":true,"href":"https:\/\/pezgordon.com\/msf_dev\/wp-json\/wp\/v2\/comments?post=489"}],"version-history":[{"count":87,"href":"https:\/\/pezgordon.com\/msf_dev\/wp-json\/wp\/v2\/pages\/489\/revisions"}],"predecessor-version":[{"id":919,"href":"https:\/\/pezgordon.com\/msf_dev\/wp-json\/wp\/v2\/pages\/489\/revisions\/919"}],"up":[{"embeddable":true,"href":"https:\/\/pezgordon.com\/msf_dev\/wp-json\/wp\/v2\/pages\/1210"}],"wp:featuredmedia":[{"embeddable":true,"href":"https:\/\/pezgordon.com\/msf_dev\/wp-json\/wp\/v2\/media\/490"}],"wp:attachment":[{"href":"https:\/\/pezgordon.com\/msf_dev\/wp-json\/wp\/v2\/media?parent=489"}],"curies":[{"name":"wp","href":"https:\/\/api.w.org\/{rel}","templated":true}]}}