{"id":1110,"date":"2023-04-17T10:19:44","date_gmt":"2023-04-17T13:19:44","guid":{"rendered":"https:\/\/pezgordon.com\/msf_dev\/?page_id=1110"},"modified":"2023-04-19T09:42:51","modified_gmt":"2023-04-19T12:42:51","slug":"politica-de-privacidad","status":"publish","type":"page","link":"https:\/\/pezgordon.com\/msf_dev\/conocenos\/politica-de-privacidad\/","title":{"rendered":"Pol\u00edtica de Privacidad"},"content":{"rendered":"<div id=\"pl-1110\"  class=\"panel-layout\" ><div id=\"pg-1110-0\"  class=\"panel-grid panel-no-style\" ><div id=\"pgc-1110-0-0\"  class=\"panel-grid-cell\" ><div id=\"panel-1110-0-0-0\" class=\"so-panel widget_text-module panel-first-child\" data-index=\"0\" ><div\n\t\t\t\n\t\t\tclass=\"so-widget-text-module so-widget-text-module-default-d75171398898-1110\"\n\t\t\t\n\t\t>\n<section class=\"text-module full-screen mobile-white desktop-white wide\" style=\"--backgroundDesktop:var(--white);--primaryColorDesktop:var(--grey);--secondaryColorDesktop:var(--red);--backgroundMobile:var(--white);--primaryColorMobile:var(--grey);--secondaryColorMobile:var(--red)\">\n\t\t\t\n\t<div class=\"container\">\n\n\t\t<p>&nbsp;<\/p>\n<p>POL\u00cdTICA DE TRATAMIENTO Y PROCEDIMIENTOS EN MATERIA DE PROTECCI\u00d3N DE DATOS PERSONALES DE \u201cM\u00c9DICOS SIN FRONTERAS ESPA\u00d1A\u201d.<\/p>\n<p>Presentaci\u00f3n<\/p>\n<p>En primer t\u00e9rmino se advierte que la elaboraci\u00f3n y propuesta del presente documento responde a la necesidad de dar cumplimiento a las disposiciones previstas en el literal k) del art\u00edculo 17 de la Ley 1581 de 20122, que regula los deberes que asisten a los Responsables del Tratamiento de datos personales, dentro de los cuales se destaca el de adoptar un manual interno de pol\u00edticas y procedimientos para garantizar el adecuado cumplimiento de la ley y en especial, para la atenci\u00f3n de consultas y reclamos, as\u00ed como el art\u00edculo 13 del Decreto 1377 de<br \/>\n20133 que establece la obligatoriedad por parte de los Responsables del Tratamiento de desarrollar sus pol\u00edticas para el tratamiento de los datos personales y velar porque los Encargados del Tratamiento den cabal cumplimiento a las mismas.<br \/>\nResulta importante precisar que en los literales d) y e) del art\u00edculo 3 de la Ley 1581 de 2012, se hace expresa menci\u00f3n al Encargado y al Responsable del tratamiento, respectivamente. As\u00ed, el responsable del tratamiento es la persona natural o jur\u00eddica, p\u00fablica o privada, que por s\u00ed misma o en asocio con otros, decide sobre la base de datos y\/o el Tratamiento de los datos, mientras que el Encargado del tratamiento es la persona natural o jur\u00eddica, p\u00fablica o privada, que por s\u00ed misma o en asocio con otros, realiza el tratamiento de datos personales por cuenta del Responsable.<\/p>\n<p>Adicionalmente, hemos actualizado nuestra Pol\u00edtica de Privacidad para tambi\u00e9n adaptarla a la Regulaci\u00f3n General de Protecci\u00f3n de Datos Personales de la uni\u00f3n europea (GDPR: General Data Protection Regulation).\u00a0<a href=\"https:\/\/www.msf.org.co\/politica-privacidad#gdpr\"><span style=\"color: #0066cc\">Accesible desde aqu\u00ed<\/span><\/a>.<\/p>\n<p>Ahora bien, las tecnolog\u00edas actuales permiten a las empresas la gesti\u00f3n, explotaci\u00f3n y almacenamiento eficiente de la informaci\u00f3n personal que utiliza para el cumplimiento de sus objetivos corporativos y de negocio, como puede ser en sus procesos de selecci\u00f3n y contrataci\u00f3n de personal, o los procesos relacionados con el servicio y atenci\u00f3n a clientes, usuarios, proveedores, accionistas y directivos, entre otros.<br \/>\nEl derecho fundamental al habeas data tiene por objeto precisamente garantizar a los Titulares de los datos el poder de decisi\u00f3n y control que tienen sobre la informaci\u00f3n que les concierne, concretamente sobre el uso y destino que se le dan a sus datos personales. En este sentido, el derecho a la protecci\u00f3n de datos personales dota al Titular de un abanico de facultades para mantener el control sobre su informaci\u00f3n personal. Estas opciones van desde el derecho a saber qui\u00e9n conserva los datos personales, los usos a los que se est\u00e1n sometiendo los mismos, hasta la definici\u00f3n de qui\u00e9n tiene la posibilidad de consultarlos. La ley les atribuye incluso el poder de oponerse a esa posesi\u00f3n y utilizaci\u00f3n.<br \/>\n2 Ley 1581 de 2012: \u201cPor la cual se dictan disposiciones generales para la protecci\u00f3n de datos personales\u201d<br \/>\n3 Decreto 1377 De 2013: \u201cPor el cual se reglamenta parcialmente la Ley 1581 de 2012\u201d<br \/>\nLa Ley 1581 de 2012 y el Decreto 1377 de 2013, desarrollan una serie de garant\u00edas e instrumentos dise\u00f1ados para garantizar la vigencia del referido derecho fundamental. De igual manera, la normatividad y la jurisprudencia relacionada con el derecho de habeas data se ha dado a la tarea de se\u00f1alar la especialidad que tiene el tratamiento de datos personales de menores de edad, en aras de proteger los derechos de los ni\u00f1os, ni\u00f1as y adolescentes.<br \/>\nEn este contexto, el objeto de este documento consiste en cubrir dichas garant\u00edas e instrumentos teniendo en cuenta nuestra condici\u00f3n de Responsables del tratamiento de datos personales a la luz, en especial, de lo previsto en el literal k) del art\u00edculo 17 de la referida ley y en el art\u00edculo 13 del Decreto 1377 de 2013.<br \/>\nEstas Pol\u00edticas abarcan los procedimientos de recolecci\u00f3n y tratamiento de datos personales en cumplimiento de las disposiciones de la Ley 1581 de 2012, el Decreto 1377 de 2013 y el Decreto<br \/>\n886 de 2014, as\u00ed como las dem\u00e1s normas complementarias y las diversas decisiones proferidas por la Superintendencia de Industria y Comercio sobre el tema.<br \/>\nCONTENIDO<br \/>\nCAPITULO I DISPOSICIONES GENERALES CAPITULO II AUTORIZACI\u00d3N<br \/>\nCAPITULO III DERECHOS Y DEBERES<br \/>\nCAP\u00cdTULO IV PROCEDIMIENTOS DE ACCESO, CONSULTA Y RECLAMACI\u00d3N CAPITULO V SEGURIDAD DE LA INFORMACI\u00d3N<br \/>\nCAPITULO VI DISPOSICIONES FINALES<br \/>\nCAP\u00cdTULO I DISPOSICIONES GENERALES<br \/>\nART\u00cdCULO 1. LEGISLACI\u00d3N APLICABLE. Este documento fue elaborado teniendo en cuenta las disposiciones contenidas en los art\u00edculos 15 y 20 de la Constituci\u00f3n Pol\u00edtica, la \u201cPor la cual se dictan disposiciones generales para la protecci\u00f3n de datos personales\u201d, el Decreto 1377 de 2013 \u201cPor el cual se reglamenta parcialmente la Ley 1581 de 2012\u201d y el Decreto<br \/>\n886 de 2014, \u201cPor el cual se reglamenta el art\u00edculo 25 de la Ley 1581 de 2012, relativo al Registro Nacional de Bases de Datos\u201d. A estas Pol\u00edticas le sar\u00e1n aplicables todas las dem\u00e1s normas que complementen o sustituyan las anteriores.<br \/>\nARTICULO 2. \u00c1MBITO DE APLICACI\u00d3N. Este documento se aplica al tratamiento de los datos de car\u00e1cter personal que recoja y maneje M\u00c9DICOS SIN FRONTERAS ESPA\u00d1A, organizaci\u00f3n domiciliada en la transversal 18 A Bis N\u00ba 37-41 de Bogot\u00e1 D.C. Correo electr\u00f3nico:\u00a0msfe-bogota-hr@barcelona.msf.org\u00a0y tel\u00e9fonos: 3400604 \u2013 3400605 \u2013 7178669 - 3402370 en Bogot\u00e1.<br \/>\nART\u00cdCULO 3. BASES DE DATOS. Las pol\u00edticas y procedimientos contenidos en el presente documento aplican a las bases de datos que maneja la organizaci\u00f3n, y que ser\u00e1n registradas de conformidad con lo dispuesto en el Decreto 886 de 2014 \u201cPor el cual se reglamenta el art\u00edculo<br \/>\n25 de la Ley 1581 de 2012\u201d y la Circular Externa 002 de 2015 que \u201cAdicion\u00f3 el Cap\u00edtulo Segundo en el T\u00edtulo V de la Circular \u00fanica de la Superintendencia de Industria y Comercio\u201d, cuyo per\u00edodo de vigencia se contar\u00e1 desde la fecha de la autorizaci\u00f3n y hasta el cese de las operaciones de la sociedad.<br \/>\nART\u00cdCULO 4. OBJETO. Por medio del presente documento se da cumplimiento a lo previsto en el literal k) del art\u00edculo 17 de la Ley 1581 de 2012, que regula los deberes que asisten a los Responsables del tratamiento de datos personales, dentro de los cuales se encuentra el de adoptar un manual interno de pol\u00edticas y procedimientos para garantizar el adecuado cumplimiento de la ley y en especial, para la atenci\u00f3n de consultas y reclamos, as\u00ed como lo estipulado por el art\u00edculo 13 del Decreto 1377 de 20134 que establece la obligatoriedad por parte de los Responsables del tratamiento de desarrollar sus pol\u00edticas para el tratamiento de los datos personales y velar porque los Encargados del Tratamiento den cabal cumplimiento a las mismas y el Decreto 886 de 2014, que regula lo relacionado al Registro Nacional de Bases de Datos.<br \/>\nAs\u00ed mismo tiene la finalidad de regular los procedimientos de recolecci\u00f3n, manejo y tratamiento de los datos de car\u00e1cter personal que realiza M\u00c9DICOS SIN FRONTERAS ESPA\u00d1A, a fin de garantizar y proteger el derecho<br \/>\n4 Decreto 1377 De 2013: \u201cPor el cual se reglamenta parcialmente la Ley 1581 de 2012\u201d<br \/>\nFundamental de habeas data en el marco de lo establecido en la ley 1581 de 2012 y sus<br \/>\nDecretos reglamentarios.<br \/>\nART\u00cdCULO 5. DEFINICIONES5. Para efectos de la aplicaci\u00f3n de las reglas contenidas en el presente documento y de acuerdo con lo establecido en el art\u00edculo 3\u00b0 de la Ley 1581 de 2012, se entiende por:<br \/>\na) Autorizaci\u00f3n: Consentimiento previo, expreso e informado del Titular para llevar a cabo el<br \/>\nTratamiento de datos personales;<br \/>\nb) Aviso de privacidad: Comunicaci\u00f3n verbal o escrita generada por el Responsable, dirigida al Titular para el tratamiento de sus datos personales, mediante la cual se le informa acerca de la existencia de las pol\u00edticas de tratamiento de informaci\u00f3n que le ser\u00e1n aplicables, la forma de acceder a las mismas y las finalidades del tratamiento que se pretende dar a los datos personales.<br \/>\nc) Base de Datos: Conjunto organizado de datos personales que sea objeto de tratamiento<br \/>\nd) Dato personal: Cualquier informaci\u00f3n vinculada o que pueda asociarse a una o varias personas naturales determinadas o determinables;<br \/>\ne) Dato p\u00fablico: Es el dato que no sea semiprivado, privado o sensible. Son considerados datos p\u00fablicos, entre otros, los datos relativos al estado civil de las personas, a su profesi\u00f3n u oficio y a su calidad de comerciante o de servidor p\u00fablico. Por su naturaleza, los datos p\u00fablicos pueden estar contenidos, entre otros, en registros p\u00fablicos, documentos p\u00fablicos, gacetas y boletines oficiales y sentencias judiciales debidamente ejecutoriadas que no est\u00e9n sometidas a reserva.<br \/>\nf) Dato privado: Es el dato que por su naturaleza \u00edntima o reservada s\u00f3lo es relevante para el<br \/>\nTitular.<br \/>\n5 Las definiciones que se emplean en el presente art\u00edculo, son elementos indispensables para la protecci\u00f3n del derecho de habeas data, y permiten una correcta y apropiada interpretaci\u00f3n del presente documento y de las disposiciones contenidas en la Ley 1581 de 2012, sus Decretos reglamentarios y dem\u00e1s normas vinculantes, y contribuyen a determinar las responsabilidades de los involucrados en el tratamiento de datos personales.<br \/>\ng) Datos sensibles: Se entiende por datos sensibles aquellos que afectan la intimidad del Titular o cuyo uso indebido puede generar su discriminaci\u00f3n, tales como aquellos que revelen el origen racial o \u00e9tnico, la orientaci\u00f3n pol\u00edtica, las convicciones religiosas o filos\u00f3ficas, la pertenencia a sindicatos, organizaciones sociales, de derechos humanos o que promueva intereses de cualquier partido pol\u00edtico o que garanticen los derechos y garant\u00edas de partidos pol\u00edticos de oposici\u00f3n, as\u00ed como los datos relativos a la salud, a la vida sexual y los datos biom\u00e9tricos.<br \/>\nh) Encargado del Tratamiento: Persona natural o jur\u00eddica, p\u00fablica o privada, que por s\u00ed misma o en asocio con otros, realice el Tratamiento de datos personales por cuenta del Responsable del Tratamiento;<br \/>\ni) Responsable del Tratamiento: Persona natural o jur\u00eddica, p\u00fablica o privada, que por s\u00ed misma o en asocio con otros, decida sobre la base de datos y\/o el Tratamiento de los datos;<br \/>\nj) Titular: Persona natural cuyos datos personales sean objeto de Tratamiento;<br \/>\nk) Transferencia: La transferencia de datos tiene lugar cuando el Responsable y\/o Encargado del Tratamiento de datos personales, ubicado en Colombia, env\u00eda la informaci\u00f3n o los datos personales a un receptor, que a su vez es Responsable del Tratamiento y se encuentra dentro o fuera del pa\u00eds.<br \/>\nl) Transmisi\u00f3n: Tratamiento de datos personales que implica la comunicaci\u00f3n de los mismos dentro o fuera del territorio de la Rep\u00fablica de Colombia cuando tenga por objeto la realizaci\u00f3n de un Tratamiento por el Encargado por cuenta del Responsable.<br \/>\nm) Tratamiento: Cualquier operaci\u00f3n o conjunto de operaciones sobre datos personales, tales como la recolecci\u00f3n, almacenamiento, uso, circulaci\u00f3n o supresi\u00f3n de los mismos.<br \/>\nART\u00cdCULO 6. PRINCIPIOS. Los principios que se establecen a continuaci\u00f3n, constituyen los par\u00e1metros generales que ser\u00e1n respetados por M\u00c9DICOS SIN FRONTERAS ESPA\u00d1A en los procesos de recolecci\u00f3n, uso y tratamiento de datos personales.<br \/>\na) Principio de legalidad en materia de tratamiento de datos: El tratamiento a que se refiere la presente ley es una actividad reglada que debe sujetarse a lo establecido en ella y en las dem\u00e1s disposiciones que la desarrollen.<br \/>\nb) Principio de finalidad: El Tratamiento de los datos personales recogidos por M\u00c9DICOS SIN FRONTERAS ESPA\u00d1A debe obedecer a una finalidad leg\u00edtima de la cual debe ser informada al Titular;<br \/>\nc) Principio de libertad: El Tratamiento s\u00f3lo puede llevarse a cabo con el consentimiento, previo, expreso e informado del Titular. Los datos personales no podr\u00e1n ser obtenidos o divulgados sin previa autorizaci\u00f3n, o en ausencia de mandato legal o judicial que releve el consentimiento;<br \/>\nd) Principio de veracidad o calidad: La informaci\u00f3n sujeta a Tratamiento debe ser veraz, completa, exacta, actualizada, comprobable y comprensible. Se proh\u00edbe el Tratamiento de datos parciales, incompletos, fraccionados o que induzcan a error;<br \/>\ne) Principio de transparencia: En el Tratamiento debe garantizarse el derecho del Titular a obtener de M\u00c9DICOS SIN FRONTERAS ESPA\u00d1A en cualquier momento y sin restricciones, informaci\u00f3n acerca de la existencia de datos que le conciernan;<br \/>\nf) Principio de acceso y circulaci\u00f3n restringida: El Tratamiento s\u00f3lo podr\u00e1 hacerse por las personas autorizadas por el Titular y\/o por las personas previstas en la Ley. Los datos personales, salvo la informaci\u00f3n p\u00fablica, no podr\u00e1n estar disponibles en Internet u otros medios de divulgaci\u00f3n o comunicaci\u00f3n masiva, salvo que el acceso sea t\u00e9cnicamente controlable para brindar un conocimiento restringido s\u00f3lo a los Titulares o terceros autorizados.<br \/>\ng) Principio de seguridad: La informaci\u00f3n sujeta a Tratamiento por parte de M\u00c9DICOS SIN FRONTERAS ESPA\u00d1A, se deber\u00e1 proteger mediante el uso de las medidas t\u00e9cnicas, humanas y administrativas que sean necesarias para otorgar seguridad a los registros evitando su adulteraci\u00f3n, p\u00e9rdida, consulta, uso o acceso no autorizado o fraudulento;<br \/>\nh) Principio de confidencialidad: Todas las personas que intervengan en el Tratamiento de datos personales est\u00e1n obligadas a garantizar la reserva de la informaci\u00f3n, inclusive despu\u00e9s de finalizada su relaci\u00f3n con alguna de las labores que comprende el Tratamiento.<br \/>\nCAP\u00cdTULO II AUTORIZACI\u00d3N<br \/>\nART\u00cdCULO 7. AUTORIZACI\u00d3N. La recolecci\u00f3n, almacenamiento, uso, circulaci\u00f3n y supresi\u00f3n de datos personales por parte de M\u00c9DICOS SIN FRONTERAS ESPA\u00d1A requiere del consentimiento libre, previo, expreso e informado de los Titulares de los mismos. M\u00c9DICOS SIN FRONTERAS ESPA\u00d1A, en su condici\u00f3n de responsable del tratamiento de datos personales, ha dispuesto de los mecanismos necesarios para obtener la autorizaci\u00f3n de los Titulares de los datos, a m\u00e1s tardar en el momento de la recolecci\u00f3n de sus datos, garantizando en todo caso que sea posible verificar el otorgamiento de dicha autorizaci\u00f3n.<br \/>\nART\u00cdCULO 8. FORMA Y MECANISMOS PARA OTORGAR LA AUTORIZACI\u00d3N. La autorizaci\u00f3n puede constar en un documento f\u00edsico, electr\u00f3nico o en cualquier otro formato que permita garantizar su posterior consulta, o mediante un mecanismo t\u00e9cnico o tecnol\u00f3gico id\u00f3neo mediante el cual se pueda concluir de manera inequ\u00edvoca, que de no haberse surtido una conducta del Titular, los datos nunca hubieren sido recolectados y almacenados en la base de datos. El formato para la autorizaci\u00f3n ser\u00e1 elaborado por M\u00c9DICOS SIN FRONTERAS ESPA\u00d1A y ser\u00e1 puesto a disposici\u00f3n del Titular previo al tratamiento de sus datos personales, de conformidad con lo que establece la Ley 1581 de 2102 y el Decreto 1377 de 2013.<br \/>\nCon el procedimiento de autorizaci\u00f3n consentida se garantiza que se ha puesto en conocimiento del Titular de los datos personales, que su informaci\u00f3n personal ser\u00e1 recogida y utilizada para fines determinados y conocidos, y el derecho que le asiste para solicitar el acceso, la actualizaci\u00f3n, rectificaci\u00f3n y eliminaci\u00f3n de sus datos personales en cualquier momento, a trav\u00e9s de los mecanismos puestos a su disposici\u00f3n por M\u00c9DICOS SIN FRONTERAS ESPA\u00d1A. Lo anterior con el fin de que el Titular tome decisiones informadas con relaci\u00f3n a sus datos personales y controle el uso de su informaci\u00f3n personal.<br \/>\nLa autorizaci\u00f3n es una declaraci\u00f3n que informa al Titular de los datos personales:<br \/>\na) Qui\u00e9n recopila su informaci\u00f3n personal (responsable o encargado)<br \/>\nb) Qu\u00e9 recopila (datos que se recaban)<br \/>\nc) Para qu\u00e9 recoge los datos (las finalidades del tratamiento)<br \/>\nd) C\u00f3mo ejercer derechos de acceso, correcci\u00f3n, actualizaci\u00f3n o supresi\u00f3n de los datos personales suministrados<br \/>\ne) Informar al Titular que por tratarse de datos sensibles (si aplica) no est\u00e1 obligado a autorizar su tratamiento.<br \/>\nART\u00cdCULO 9. PRUEBA DE LA AUTORIZACI\u00d3N. M\u00c9DICOS SIN FRONTERAS ESPA\u00d1A adoptar\u00e1 las medidas necesarias para mantener registros o mecanismos t\u00e9cnicos o tecnol\u00f3gicos id\u00f3neos de cu\u00e1ndo y c\u00f3mo obtuvo la autorizaci\u00f3n por parte de los titulares de datos personales para el tratamiento de los mismos.<br \/>\nART\u00cdCULO 10. AVISO DE PRIVACIDAD: El Aviso de Privacidad es el documento f\u00edsico, electr\u00f3nico o en cualquier otro formato, que es puesto a disposici\u00f3n del Titular para el tratamiento de sus datos personales a m\u00e1s tardar al momento de recolecci\u00f3n de los datos personales. A trav\u00e9s de este documento se informa al Titular la informaci\u00f3n relativa a la existencia de las pol\u00edticas de tratamiento de informaci\u00f3n que le ser\u00e1n aplicables, la forma de acceder a las mismas y las caracter\u00edsticas del tratamiento que se pretende dar a los datos personales.<br \/>\nART\u00cdCULO 11. CONTENIDO M\u00cdNIMO DEL AVISO DE PRIVACIDAD. El Aviso de Privacidad, como m\u00ednimo, deber\u00e1 contener la siguiente informaci\u00f3n:<br \/>\na) La identidad, domicilio y datos de contacto del Responsable del Tratamiento;<br \/>\nb) El tipo de tratamiento al cual ser\u00e1n sometidos los datos y la finalidad del mismo;<br \/>\nc) Los derechos que le asisten al Titular;<br \/>\nd) Los mecanismos generales dispuestos por el Responsable para que el Titular conozca la pol\u00edtica de tratamiento de la informaci\u00f3n y los cambios sustanciales que se produzcan en ella o en el Aviso de Privacidad correspondiente. En todos los casos, debe informar al Titular c\u00f3mo acceder o consultar la pol\u00edtica de tratamiento de informaci\u00f3n.<br \/>\ne) No obstante lo anterior, cuando se recolecten datos personales sensibles, el aviso de privacidad se\u00f1alar\u00e1 expresamente el car\u00e1cter facultativo de la respuesta a las preguntas que versen sobre este tipo de datos.<br \/>\nART\u00cdCULO 12. AVISO DE PRIVACIDAD Y LAS POL\u00cdTICAS DE TRATAMIENTO DE LA INFORMACI\u00d3N. M\u00c9DICOS SIN FRONTERAS ESPA\u00d1A conservar\u00e1 el modelo del aviso de privacidad que se transmiti\u00f3 a los Titulares mientras se lleve a cabo el tratamiento de datos personales y perduren las obligaciones que de \u00e9ste se deriven. Para el almacenamiento del modelo, M\u00c9DICOS SIN FRONTERAS ESPA\u00d1A podr\u00e1 emplear medios inform\u00e1ticos, electr\u00f3nicos o cualquier otra tecnolog\u00eda.<br \/>\nCAPITULO III DERECHOS Y DEBERES<br \/>\nART\u00cdCULO 13. DERECHOS DE LOS TITULARES DE LA INFORMACI\u00d3N. De conformidad con lo establecido en el art\u00edculo 8 de la Ley 1581 de 2012 y los art\u00edculos 21 y 22 del Decreto 1377 de<br \/>\n2013 el Titular de los datos personales tiene los siguientes derechos:<br \/>\na) Conocer, actualizar y rectificar sus datos personales frente a M\u00c9DICOS SIN FRONTERAS ESPA\u00d1A, en su condici\u00f3n de responsable del tratamiento.<br \/>\nb) Solicitar prueba de la autorizaci\u00f3n otorgada a M\u00c9DICOS SIN FRONTERAS ESPA\u00d1A, en su condici\u00f3n de Responsable del Tratamiento.<br \/>\nc) Ser informado por M\u00c9DICOS SIN FRONTERAS ESPA\u00d1A, previa solicitud, respecto del uso que le ha dado a sus datos personales.<br \/>\nd) Presentar ante la Superintendencia de Industria y Comercio quejas por infracciones a lo dispuesto en la Ley 1581 de 2012 y las dem\u00e1s normas que la modifiquen, adicionen o complementen, una vez haya agotado el tr\u00e1mite de consulta o reclamo ante el Responsable del Tratamiento.<br \/>\ne) Revocar la autorizaci\u00f3n y\/o solicitar la supresi\u00f3n del dato cuando en el Tratamiento no se<br \/>\nrespeten los principios, derechos y garant\u00edas constitucionales y legales.<br \/>\nf) Acceder en forma gratuita a sus datos personales que hayan sido objeto de Tratamiento.<br \/>\nM\u00c9DICOS SIN FRONTERAS ESPA\u00d1A mantendr\u00e1 habilitados medios de contacto para que los Titulares de datos puedan ejercer sus derechos y dar aplicaci\u00f3n a los procedimientos previstos en el Cap\u00edtulo IV de estas Pol\u00edticas, los cuales ser\u00e1n informados y puestos a disposici\u00f3n en el Aviso de Privacidad.<br \/>\nART\u00cdCULO 14. DEBERES DE M\u00c9DICOS SIN FRONTERAS ESPA\u00d1A EN RELACI\u00d3N CON EL TRATAMIENTO DE LOS DATOS PERSONALES. M\u00c9DICOS SIN FRONTERAS ESPA\u00d1A tendr\u00e1 presente, en todo momento, que los datos personales son propiedad de las personas a las que se refieren y que s\u00f3lo ellas pueden decidir sobre los mismos. En este sentido, har\u00e1 uso de ellos s\u00f3lo para aquellas finalidades para las que se encuentra facultado debidamente, y respetando en todo caso la Ley 1581 de 2012, el Decreto 1377 de 2013 y el Decreto 886 de 2014 y las dem\u00e1s normas aplicables sobre protecci\u00f3n de datos personales<br \/>\nDe conformidad con lo establecido en el art\u00edculo 17 de la Ley 1581 de 2012 y los art\u00edculos 21 y<br \/>\n22 del Decreto 1377 de 2013, M\u00c9DICOS SIN FRONTERAS ESPA\u00d1A se compromete a cumplir en forma permanente con los siguientes deberes en lo relacionado con en el tratamiento de datos personales:<br \/>\na) Garantizar al Titular, en todo tiempo, el pleno y efectivo ejercicio del derecho de h\u00e1beas data;<br \/>\nb) Conservar la informaci\u00f3n bajo las condiciones de seguridad necesarias para impedir su<br \/>\nadulteraci\u00f3n, p\u00e9rdida, consulta, uso o acceso no autorizado o fraudulento;<br \/>\nc) Informar debidamente al Titular sobre la finalidad de la recolecci\u00f3n y los derechos que le asisten por virtud de la autorizaci\u00f3n otorgada;<br \/>\nd) Garantizar que la informaci\u00f3n que se suministre al Encargado del Tratamiento sea veraz, completa, exacta, actualizada, comprobable y comprensible;<br \/>\ne) Realizar oportunamente, esto es en los t\u00e9rminos previstos en los art\u00edculos 14 y 15 de la<br \/>\nLey 1581 de 2012, la actualizaci\u00f3n, rectificaci\u00f3n o supresi\u00f3n de los datos;<br \/>\nf) Suministrar al Encargado del Tratamiento, seg\u00fan el caso, \u00fanicamente datos cuyo<br \/>\nTratamiento est\u00e9 previamente autorizado de conformidad con lo previsto en la presente ley;<br \/>\ng) Exigir al Encargado del Tratamiento en todo momento, el respeto a las condiciones de seguridad y privacidad de la informaci\u00f3n del Titular;<br \/>\nh) Informar a solicitud del Titular sobre el uso dado a sus datos;<br \/>\ni) Tramitar las consultas y los reclamos formulados por los Titulares en los t\u00e9rminos se\u00f1alados en los art\u00edculos 14 y 15 de la Ley 1581 de 2012;<br \/>\nj) Insertar en la base de datos la leyenda \"informaci\u00f3n en discusi\u00f3n judicial\" una vez notificado por parte de la autoridad competente sobre procesos judiciales relacionados con la calidad o detalles del dato personal;<br \/>\nk) Insertar en la base de datos la leyenda \u201creclamo en tr\u00e1mite\u201d y el motivo del mismo, en un t\u00e9rmino no mayor a dos (2) d\u00edas h\u00e1biles de recibido el reclamo completo.<br \/>\nl) Abstenerse de circular informaci\u00f3n que est\u00e9 siendo controvertida por el Titular y cuyo bloqueo haya sido ordenado por la Superintendencia de Industria y Comercio;<br \/>\nm) Permitir el acceso a la informaci\u00f3n \u00fanicamente a las personas que pueden tener acceso a ella;<br \/>\nn) Informar a la Superintendencia de Industria y Comercio cuando se presenten violaciones<br \/>\na los c\u00f3digos de seguridad y existan riesgos en la administraci\u00f3n de la informaci\u00f3n de los<br \/>\nTitulares;<br \/>\no) Designar a un \u00e1rea que asuma la funci\u00f3n de protecci\u00f3n de datos personales, que dar\u00e1 tr\u00e1mite a las solicitudes de los Titulares, para el ejercicio de los derechos a que se refiere la Ley<br \/>\n1581 de 2012 y el Decreto 1377 de 2013.<br \/>\np) Cumplir las instrucciones y requerimientos que imparta la Superintendencia de<br \/>\nIndustria y Comercio.<br \/>\nCAP\u00cdTULO IV PROCEDIMIENTOS DE ACCESO, CONSULTA Y RECLAMACI\u00d3N<br \/>\nART\u00cdCULO 15. DERECHO DE ACCESO. El poder de disposici\u00f3n o decisi\u00f3n que tiene el Titular sobre la informaci\u00f3n que le concierne, conlleva necesariamente el derecho de acceder y consultar si su informaci\u00f3n personal est\u00e1 siendo objeto de tratamiento, as\u00ed como el alcance, condiciones y generalidades de dicho tratamiento. De esta manera, M\u00c9DICOS SIN FRONTERAS ESPA\u00d1A debe garantizar al Titular su derecho de acceso en tres v\u00edas:<br \/>\na) La primera implica que el Titular pueda conocer la efectiva existencia del tratamiento a que son sometidos sus datos personales.<br \/>\nb) La segunda, que el Titular pueda tener acceso a sus datos personales que est\u00e1n en posesi\u00f3n del responsable.<br \/>\nc) La tercera, supone el derecho a conocer las circunstancias esenciales del tratamiento, lo cual se traduce en el deber de M\u00c9DICOS SIN FRONTERAS ESPA\u00d1A de informar al Titular sobre el tipo de datos personales tratados y todas y cada una de las finalidades que justifican el tratamiento.<br \/>\nPAR\u00c1GRAFO: M\u00c9DICOS SIN FRONTERAS ESPA\u00d1A garantizar\u00e1 el derecho de acceso cuando, previa acreditaci\u00f3n de la identidad del Titular o personalidad de su representante, se ponga a disposici\u00f3n de \u00e9ste, de manera gratuita, el detalle de los datos personales a trav\u00e9s de medios electr\u00f3nicos que permitan el acceso directo del Titular a ellos. Dicho acceso deber\u00e1 ofrecerse sin l\u00edmite de plazo y deber\u00e1 permitir al Titular la posibilidad de conocerlos y actualizarlos en l\u00ednea.<br \/>\nART\u00cdCULO 16. CONSULTAS. De conformidad con lo establecido en el art\u00edculo 14 de la Ley 1581 de 2012 y el art\u00edculo 21 del Decreto 1377 de 2013, los Titulares o sus causahabientes podr\u00e1n consultar la informaci\u00f3n personal del Titular que repose en cualquier base de datos. En consecuencia, M\u00c9DICOS SIN FRONTERAS ESPA\u00d1A garantizar\u00e1 el derecho de consulta, suministrando a los Titulares, toda la informaci\u00f3n contenida en el registro individual o que est\u00e9 vinculada con la identificaci\u00f3n del Titular.<br \/>\nPara la atenci\u00f3n de solicitudes de consulta de datos personales M\u00c9DICOS SIN FRONTERAS ESPA\u00d1A garantiza:<br \/>\na) Habilitar medios de comunicaci\u00f3n electr\u00f3nica u otros que considere pertinentes.<br \/>\nb) Establecer formularios, sistemas y otros m\u00e9todos simplificados, mismos que deben ser informados en el aviso de privacidad.<br \/>\nc) Utilizar los servicios de atenci\u00f3n al cliente o de reclamaciones que tiene en operaci\u00f3n.<br \/>\nEn cualquier caso, independientemente del mecanismo implementado para la atenci\u00f3n de solicitudes de consulta, las mismas ser\u00e1n atendidas en un t\u00e9rmino m\u00e1ximo de diez (10) d\u00edas h\u00e1biles contados a partir de la fecha de su recibo. Cuando no fuere posible atender la consulta<br \/>\ndentro de dicho t\u00e9rmino, se informar\u00e1 al interesado antes del vencimiento de los diez (10) d\u00edas, expresando los motivos de la demora y se\u00f1alando la fecha en que se atender\u00e1 su consulta, la cual en ning\u00fan caso podr\u00e1 superar los cinco (5) d\u00edas h\u00e1biles siguientes al vencimiento del primer plazo.<br \/>\nART\u00cdCULO 17. RECLAMOS. De conformidad con lo establecido en el art\u00edculo 15 de la Ley 1581 de 2012, el Titular o sus causahabientes que consideren que la informaci\u00f3n contenida en una base de datos debe ser objeto de correcci\u00f3n, actualizaci\u00f3n o supresi\u00f3n, o cuando adviertan el presunto incumplimiento de cualquiera de los deberes contenidos en la Ley 1581 de 2012, el Decreto 1377 de 2013 o cualquier otra norma aplicable, podr\u00e1n presentar un reclamo ante el Responsable del Tratamiento, el cual ser\u00e1 tramitado bajo las siguientes reglas:<br \/>\na) El reclamo lo podr\u00e1 presentar el Titular, teniendo en cuenta la informaci\u00f3n se\u00f1alada en el art\u00edculo 15 de la Ley 1581 de 2012 y en el art\u00edculo 9 del Decreto 1377 de 2013. Si el reclamo recibido no cuenta con informaci\u00f3n completa que permita darle tr\u00e1mite, esto es, con la identificaci\u00f3n del Titular, la descripci\u00f3n de los hechos que dan lugar al reclamo, la direcci\u00f3n, y acompa\u00f1ando los documentos que se quiera hacer valer, se requerir\u00e1 al interesado dentro de los cinco (5) d\u00edas siguientes a su recepci\u00f3n para que subsane las fallas. Transcurridos dos (2) meses desde la fecha del requerimiento sin que el solicitante presente la informaci\u00f3n requerida, se entender\u00e1 que ha desistido del reclamo.<br \/>\nb) Si por alguna circunstancia se recibe un reclamo que en realidad no deber\u00eda ir dirigido contra M\u00c9DICOS SIN FRONTERAS ESPA\u00d1A, \u00e9ste dar\u00e1 traslado, en la medida de sus posibilidades, a quien corresponda en un t\u00e9rmino m\u00e1ximo de dos (2) d\u00edas h\u00e1biles, e informar\u00e1 de la situaci\u00f3n al interesado.<br \/>\nc) Una vez recibido el reclamo completo, se incluir\u00e1 en la base de datos que mantiene el Responsable una leyenda que diga \"reclamo en tr\u00e1mite\" y el motivo del mismo, en un t\u00e9rmino no mayor a dos (2) d\u00edas h\u00e1biles de recibido el reclamo completo. Dicha leyenda deber\u00e1 mantenerse hasta que el reclamo sea decidido.<br \/>\nd) El t\u00e9rmino m\u00e1ximo para atender el reclamo ser\u00e1 de quince (15) d\u00edas h\u00e1biles contados a partir del d\u00eda siguiente a la fecha de su recibo. Cuando no fuere posible atenderlo dentro de dicho t\u00e9rmino se informar\u00e1 al interesado antes del vencimiento del referido plazo los motivos de la demora y la fecha en que se atender\u00e1 su reclamo, la cual en ning\u00fan caso podr\u00e1 superar los ocho (8) d\u00edas h\u00e1biles siguientes al vencimiento del primer t\u00e9rmino.<br \/>\nART\u00cdCULO 18. IMPLEMENTACI\u00d3N DE PROCEDIMIENTOS PARA GARANTIZAR EL DERECHO A PRESENTAR RECLAMOS. En cualquier momento y de manera gratuita el Titular o su representante podr\u00e1n solicitar a M\u00c9DICOS SIN FRONTERAS ESPA\u00d1A la rectificaci\u00f3n, actualizaci\u00f3n o supresi\u00f3n de sus datos personales, previa acreditaci\u00f3n de su identidad.<br \/>\n1) Los derechos de rectificaci\u00f3n, actualizaci\u00f3n o supresi\u00f3n se podr\u00e1n ejercer por:<br \/>\na) El Titular o sus causahabientes, previa acreditaci\u00f3n de su identidad, o a trav\u00e9s de instrumentos electr\u00f3nicos que le permitan identificarse.<br \/>\nb) Por el representante y\/o apoderado del Titular, previa acreditaci\u00f3n de la representaci\u00f3n o apoderamiento.<br \/>\nc) Por estipulaci\u00f3n a favor de otro o para otro.<br \/>\nd) Los derechos de los ni\u00f1os, ni\u00f1as o adolescentes se ejercer\u00e1n por las personas que est\u00e9n facultadas para representarlos.<br \/>\nCuando la solicitud sea formulada por persona distinta del Titular y no se acredite que la misma act\u00faa en representaci\u00f3n de aqu\u00e9l, se tendr\u00e1 por no presentada.<br \/>\n2) La solicitud de rectificaci\u00f3n, actualizaci\u00f3n o supresi\u00f3n debe ser presentada a trav\u00e9s de los medios habilitados por M\u00c9DICOS SIN FRONTERAS ESPA\u00d1A se\u00f1alados en el aviso de privacidad y contener, como m\u00ednimo, la siguiente informaci\u00f3n:<br \/>\na) El nombre y domicilio del Titular o cualquier otro medio para recibir la respuesta<br \/>\nb) Los documentos que acrediten la identidad o la personalidad de su representante.<br \/>\nc) La descripci\u00f3n clara y precisa de los datos personales respecto de los cuales el Titular busca ejercer alguno de los derechos.<br \/>\nd) En caso dado otros elementos o documentos que faciliten la localizaci\u00f3n de los datos personales.<br \/>\nPAR\u00c1GRAFO PRIMERO. RECTIFICACI\u00d3N Y ACTUALIZACI\u00d3N DE DATOS. M\u00c9DICOS SIN FRONTERAS ESPA\u00d1A tiene la obligaci\u00f3n de rectificar y actualizar a solicitud del Titular, la informaci\u00f3n de \u00e9ste que resulte ser incompleta o inexacta, de conformidad con el procedimiento y los t\u00e9rminos arriba se\u00f1alados. En las solicitudes de rectificaci\u00f3n y actualizaci\u00f3n de datos personales el Titular debe indicar las correcciones a realizar y aportar la documentaci\u00f3n que avale su petici\u00f3n.<br \/>\nM\u00c9DICOS SIN FRONTERAS ESPA\u00d1A tiene plena libertad de habilitar mecanismos que le faciliten el ejercicio de este derecho, siempre y cuando \u00e9stos beneficien al Titular. En consecuencia, se podr\u00e1n habilitar medios electr\u00f3nicos u otros que considere pertinentes.<br \/>\nM\u00c9DICOS SIN FRONTERAS ESPA\u00d1A podr\u00e1 establecer formularios, sistemas y otros m\u00e9todos simplificados, mismos que deben ser informados en el aviso de privacidad y que se pondr\u00e1n a disposici\u00f3n de los interesados en la p\u00e1gina web.<br \/>\nCada vez que M\u00c9DICOS SIN FRONTERAS ESPA\u00d1A ponga a disposici\u00f3n una herramienta nueva para facilitar el ejercicio de sus derechos por parte de los Titulares de informaci\u00f3n o modifique las existentes, lo informar\u00e1 a trav\u00e9s de su p\u00e1gina web.<br \/>\nPAR\u00c1GRAFO SEGUNDO. SUPRESI\u00d3N DE DATOS. El Titular tiene el derecho, en todo momento, a solicitar a M\u00c9DICOS SIN FRONTERAS ESPA\u00d1A la supresi\u00f3n (eliminaci\u00f3n) de sus datos personales cuando:<br \/>\na) Considere que los mismos no est\u00e1n siendo tratados conforme a los principios, deberes y<br \/>\nobligaciones previstas en la Ley 1581 de 2012 y el Decreto 1377 de 2013.<br \/>\nb) Hayan dejado de ser necesarios o pertinentes para la finalidad para la cual fueron recabados. c) Se haya superado el periodo necesario para el cumplimiento de los fines para los que fueron<br \/>\nrecabados<br \/>\nPAR\u00c1GRAFO TERCERO. EJERCICIO DEL DERECHO DE SUPRESI\u00d3N. Esta supresi\u00f3n implica la eliminaci\u00f3n total o parcial de la informaci\u00f3n personal de acuerdo con lo solicitado por el Titular en los registros, archivos, bases de datos o tratamientos realizados por M\u00c9DICOS SIN FRONTERAS ESPA\u00d1A. Es importante tener en cuenta que el derecho de cancelaci\u00f3n no es absoluto y el Responsable puede negar el ejercicio del mismo cuando:<br \/>\na) El Titular tenga un deber legal o contractual de permanecer en la base de datos.<br \/>\nb) La eliminaci\u00f3n de datos obstaculice actuaciones judiciales o administrativas vinculadas a obligaciones fiscales, la investigaci\u00f3n y persecuci\u00f3n de delitos o la actualizaci\u00f3n de sanciones administrativas.<br \/>\nc) Los datos sean necesarios para proteger los intereses jur\u00eddicamente tutelados del Titular; para realizar una acci\u00f3n en funci\u00f3n del inter\u00e9s p\u00fablico, o para cumplir con una obligaci\u00f3n legalmente adquirida por el Titular.<br \/>\nEn caso de resultar procedente la cancelaci\u00f3n de los datos personales, M\u00c9DICOS SIN FRONTERAS ESPA\u00d1A debe realizar operativamente la supresi\u00f3n de tal manera que la eliminaci\u00f3n no permita la recuperaci\u00f3n de la informaci\u00f3n.<br \/>\nART\u00cdCULO 19. REVOCATORIA DE LA AUTORIZACI\u00d3N. Los Titulares de los datos personales pueden revocar el consentimiento al tratamiento de sus datos personales en cualquier momento, siempre y cuando no lo impida una disposici\u00f3n legal o contractual. Para ello, M\u00c9DICOS SIN FRONTERAS ESPA\u00d1A deber\u00e1 establecer mecanismos sencillos, de f\u00e1cil acceso y gratuitos que permitan al Titular revocar su consentimiento, al menos por el mismo medio por el que lo otorg\u00f3 y en los t\u00e9rminos estipulados en la ley 1581 de 2012, sus Decretos reglamentarios y normas modificatorias o complementarias.<br \/>\nSe deber\u00e1 tener en cuenta que existen dos modalidades en las que la revocaci\u00f3n del consentimiento puede darse. La primera, puede ser sobre la totalidad de las finalidades consentidas, esto es, que M\u00c9DICOS SIN FRONTERAS ESPA\u00d1A deba dejar de tratar por completo los datos del Titular; la segunda, puede ocurrir sobre tipos de tratamiento determinados, como por ejemplo para fines<br \/>\npublicitarios o de estudios de mercado. Con la segunda modalidad, esto es, la revocaci\u00f3n parcial del consentimiento, se mantienen a salvo otros fines del tratamientos que el Responsable, de conformidad con la autorizaci\u00f3n otorgada, puede llevar a cabo y con los que el Titular est\u00e1 de acuerdo.<br \/>\nPor lo anterior, ser\u00e1 necesario que el Titular al momento de elevar la solicitud de revocatoria, indique en \u00e9sta si la revocaci\u00f3n que pretende realizar es total o parcial. En la segunda hip\u00f3tesis se deber\u00e1 indicar con cu\u00e1l tratamiento el Titular no est\u00e1 conforme.<br \/>\nHabr\u00e1 casos en que el consentimiento, por su car\u00e1cter necesario en la relaci\u00f3n entre Titular y<br \/>\nResponsable por el cumplimiento de un contrato, por disposici\u00f3n legal no podr\u00e1 ser revocado.<br \/>\nLos mecanismos o procedimientos que M\u00c9DICOS SIN FRONTERAS ESPA\u00d1A establezca para atender las solicitudes de revocatoria del consentimiento otorgado no podr\u00e1n exceder los plazos previstos para atender las reclamaciones conforme se se\u00f1ala en el art\u00edculo 15 de la Ley 1581 de 2012.<br \/>\nCAPITULO V SEGURIDAD DE LA INFORMACI\u00d3N<br \/>\nART\u00cdCULO 20. MEDIDAS DE SEGURIDAD. En desarrollo del principio de seguridad establecido en la Ley 1581 de 2012, M\u00c9DICOS SIN FRONTERAS ESPA\u00d1A adoptar\u00e1 las medidas t\u00e9cnicas, humanas y administrativas que sean necesarias para otorgar seguridad a los registros evitando su adulteraci\u00f3n, p\u00e9rdida, consulta, uso o acceso no autorizado o fraudulento.<br \/>\nART\u00cdCULO 21. IMPLEMENTACI\u00d3N DE LAS MEDIDAS DE SEGURIDAD. M\u00c9DICOS SIN FRONTERAS ESPA\u00d1A mantendr\u00e1 protocolos de seguridad de obligatorio cumplimiento para el personal con acceso a los datos de car\u00e1cter personal y a los sistemas de informaci\u00f3n.<br \/>\nEl procedimiento deber\u00e1 considerar, como m\u00ednimo, los siguientes aspectos:<br \/>\na) Capacitaci\u00f3n del personal que ingresa a la Compa\u00f1\u00eda acerca de la Pol\u00edtica de Tratamiento de datos personales y los mecanismos y protocolos de seguridad para el tratamiento de estos.<br \/>\nb) \u00c1mbito de aplicaci\u00f3n del procedimiento con especificaci\u00f3n detallada de los recursos<br \/>\nprotegidos.<br \/>\nc) Medidas, normas, procedimientos, reglas y est\u00e1ndares encaminados a garantizar el nivel de seguridad exigido en la Ley 1581 de 2012 y el Decreto 1377 de 2013.<br \/>\nd) Funciones y obligaciones del personal.<br \/>\ne) Estructura de las bases de datos de car\u00e1cter personal y descripci\u00f3n de los sistemas de informaci\u00f3n que los tratan.<br \/>\nf) Procedimiento de notificaci\u00f3n, gesti\u00f3n y respuesta ante las incidencias.<br \/>\ng) Procedimientos de realizaci\u00f3n de copias de respaldo y de recuperaci\u00f3n de los datos.<br \/>\nh) Controles peri\u00f3dicos que se deban realizar para verificar el cumplimiento de lo dispuesto en el procedimiento de seguridad que se implemente.<br \/>\ni) Medidas a adoptar cuando un soporte o documento sea transportado, desechado o reutilizado.<br \/>\nj) El procedimiento deber\u00e1 mantenerse actualizado en todo momento y deber\u00e1 ser revisado<br \/>\nsiempre que se produzcan cambios relevantes en el sistema de informaci\u00f3n o en la organizaci\u00f3n del mismo.<br \/>\nk) El contenido del procedimiento deber\u00e1 adecuarse en todo momento a las disposiciones vigentes en materia de seguridad de los datos personales.<br \/>\nCAP\u00cdTULO VI DISPOSICIONES FINALES<br \/>\nART\u00cdCULO 22. M\u00c9DICOS SIN FRONTERAS ESPA\u00d1A designa al \u00e1rea de RECURSOS HUMANOS o quien haga sus veces, para cumplir con la funci\u00f3n de protecci\u00f3n de datos personales. RECURSOS HUMANOS o quien haga sus veces, dar\u00e1 tr\u00e1mite a las solicitudes de los Titulares, para el ejercicio de los derechos de acceso, consulta, rectificaci\u00f3n, actualizaci\u00f3n, supresi\u00f3n y revocatoria a que se refiere la Ley 1581 de 2012 y el decreto 1377 de 2013. Para esto pueden escribir al correo:\u00a0msfe.bogota.hr@barcelona.msf.org<br \/>\nPAR\u00c1GRAFO. M\u00c9DICOS SIN FRONTERAS ESPA\u00d1A designa al departamento RECURSOS HUMANOS como responsable de la adopci\u00f3n e implementaci\u00f3n las obligaciones previstas en la Ley 1581 de 2012.<br \/>\nART\u00cdCULO 23. VIGENCIA. La presente Pol\u00edtica est\u00e1 rigiendo desde el 15 de junio de 2017.<\/p>\n<p>&nbsp;<\/p>\n\n\t<\/div>\n\n<\/section><\/div><\/div><div id=\"panel-1110-0-0-1\" class=\"so-panel widget_text-module panel-last-child\" data-index=\"1\" ><div\n\t\t\t\n\t\t\tclass=\"so-widget-text-module so-widget-text-module-default-d75171398898-1110\"\n\t\t\t\n\t\t>\n<section class=\"text-module full-screen mobile-white desktop-white wide\" style=\"--backgroundDesktop:var(--white);--primaryColorDesktop:var(--grey);--secondaryColorDesktop:var(--red);--backgroundMobile:var(--white);--primaryColorMobile:var(--grey);--secondaryColorMobile:var(--red)\">\n\t\t\t\n\t<div class=\"container\">\n\n\t\t<div id=\"gdpr\">\n<p><strong>GDPR<\/strong><\/p>\n<\/div>\n<p><strong>DELEGADO DE PROTECCI\u00d3N DE DATOS<\/strong><\/p>\n<p>Puedes contactar con nuestro Delegado de Protecci\u00f3n de Datos en la direcci\u00f3n postal de MSF ESPA\u00d1A, o en la direcci\u00f3n electr\u00f3nica\u00a0<strong><span style=\"color: #0066cc\"><a href=\"mailto:info@msf.org.co\">info@msf.org.co<\/a><\/span><\/strong><\/p>\n<p><strong>C\u00d3MO HEMOS OBTENIDO TUS DATOS<\/strong><\/p>\n<p>Si no hemos tenido relaci\u00f3n con anterioridad, obtenemos tus datos a trav\u00e9s del presente formulario y los trataremos conjuntamente con aquellos datos que nos facilites durante tu relaci\u00f3n con nosotros.<\/p>\n<p>Si ya hemos tenido relaci\u00f3n con anterioridad, los datos que disponemos de ti los hemos obtenido a trav\u00e9s de las relaciones previas que has mantenido con MSF ESPA\u00d1A, o con motivo de las relaciones que actualmente\u00a0 mantienes en la actualidad con nuestra entidad, bien por tu condici\u00f3n de socio, por haber sido donante o haber participado en alguna de nuestras campa\u00f1as, bien por haber solicitado que te remitamos informaci\u00f3n sobre nuestras actividades, campa\u00f1as e iniciativas.<\/p>\n<p><strong>QU\u00c9 DATOS TRATAMOS, PARA QU\u00c9, Y POR QU\u00c9 MOTIVO<\/strong><\/p>\n<p><strong>SI ERES UN INDIVIDUO<\/strong><\/p>\n<p><strong>QU\u00c9 DATOS PERSONALES TUYOS TRATAMOS<\/strong><\/p>\n<p>Los datos que trataremos de\u00a0 ti para las finalidades leg\u00edtimas que m\u00e1s adelante se explican, son los siguientes:<br \/>\n1. Datos necesarios para mantener la relaci\u00f3n contigo:<br \/>\nNombre; Apellidos; Edad; Sexo; Idioma de preferencia; Email; Tel\u00e9fono; Direcci\u00f3n Postal; Aportaci\u00f3n econ\u00f3mica.<br \/>\n2. En el caso de que nos los hayas facilitado voluntariamente durante las relaciones previas mantenidas contigo,\u00a0 tambi\u00e9n podemos disponer de los siguientes datos:<br \/>\nEntorno familiar; Datos de la iniciativa solidaria (lugar, fecha, objetivo, intereses).<br \/>\nTambi\u00e9n te informamos que trataremos aquellos datos adicionales que voluntariamente nos facilites durante las futuras relaciones e interacciones que mantengas con MSF ESPA\u00d1A, incluidos los que nos aportes mediante una red social u otra aplicaci\u00f3n. Estos datos dependen de tu propia configuraci\u00f3n de privacidad, uso de la red social o aplicaci\u00f3n, as\u00ed como de las pol\u00edticas de privacidad propias de cada red social o aplicaci\u00f3n, por lo que te recomendamos las leas con atenci\u00f3n antes de facilitarnos datos a trav\u00e9s de dichas redes sociales o aplicaciones.<\/p>\n<p><strong>PARA QU\u00c9 TRATAMOS TUS DATOS PERSONALES<\/strong><\/p>\n<p>Para entablar una relaci\u00f3n de colaboraci\u00f3n contigo que haga posible cumplir con nuestros objetivos fundacionales destinados a prestar ayuda m\u00e9dica y humanitaria en cualquier parte del mundo en zonas de conflictos, tratamos los datos de nuestros socios, donantes, activistas, y dem\u00e1s personas que hayan solicitado informaci\u00f3n sobre nuestras actividades, para las siguientes actividades concretas:<br \/>\n- Enviar informaci\u00f3n sobre MSF ESPA\u00d1A v\u00eda SMS, Tel\u00e9fono, correo postal, email o mensajer\u00eda instant\u00e1nea.<br \/>\n- Solicitar donativos, incrementos de cuota y otros tipos de participaci\u00f3n (firmar en campa\u00f1as,\u00a0 etc.) y gestionar el cobro de dichos donativos<br \/>\n- Enviar el certificado fiscal<br \/>\n- Atender a tus consultas cuando contactes con nosotros<br \/>\n- Invitar a actos o eventos que organicemos<br \/>\n- Realizaci\u00f3n de encuestas de satisfacci\u00f3n\/ reuniones para realizar estudios de mercado\/ concursos<br \/>\n- Gestionar la relaci\u00f3n contigo<br \/>\n- Gestionar tu actividad de promoci\u00f3n en favor de nuestra organizaci\u00f3n<br \/>\n- Actividades de elaboraci\u00f3n de perfiles, en base a la informaci\u00f3n que t\u00fa directamente nos hayas proporcionado, que hayas hecho p\u00fablica o que sea p\u00fablicamente disponible, destinada a asegurar la adecuada gesti\u00f3n de las anteriores actividades. La elaboraci\u00f3n de perfiles no se utiliza, en ning\u00fan caso, para la adopci\u00f3n de decisiones automatizadas que tengan efectos jur\u00eddicos o de otra naturaleza que le puedan afectar; todos nuestros procesos de toma de decisi\u00f3n cuentan con intervenci\u00f3n humana.<br \/>\nAdicionalmente, tambi\u00e9n tratamos tus datos para el env\u00edo, incluso por medios electr\u00f3nicos, de comunicaciones sobre actividades, campa\u00f1as e iniciativas de naturaleza similar a las que hayas participado con anterioridad, o sobre las Que nos hayas solicitado informaci\u00f3n o hayas dirigido alguna solicitud a nuestra entidad.<br \/>\nPuedes\u00a0 oponerte a recibir este tipo de comunicaciones, ahora o en cualquier otro momento, enviando un correo electr\u00f3nico a la direcci\u00f3n electr\u00f3nica de nuestro Delegado de Protecci\u00f3n de Datos, o dirigiendo una solicitud a nuestra direcci\u00f3n postal, a la atenci\u00f3n del Delegado de Protecci\u00f3n de Datos.<\/p>\n<p><strong>POR QU\u00c9 MOTIVO PODEMOS TRATAR TUS DATOS PERSONALES<\/strong><\/p>\n<p>El tratamiento de tus datos personales relacionado con el mantenimiento de su relaci\u00f3n con MSF ESPA\u00d1A como socio, donante, activista, o persona que solicita informaci\u00f3n sobre nuestras actividades, est\u00e1 legitimado al resultar necesario para dar cumplimiento a las obligaciones contractuales derivadas de dicha relaci\u00f3n o para dar respuesta a la solicitud.<\/p>\n<p>El tratamiento de tus datos personales para el env\u00edo de informaci\u00f3n sobre actividades, campa\u00f1as o iniciativas de MSF ESPA\u00d1A similares a las que hayas participado, responde a un inter\u00e9s leg\u00edtimo de nuestra entidad y est\u00e1 autorizado por la normativa vigente.<\/p>\n<p><strong>SI ACT\u00daAS EN REPRESENTACI\u00d3N DE UNA EMPRESA<\/strong><\/p>\n<p><strong>QU\u00c9 DATOS PERSONALES TUYOS TRATAMOS\u00a0<\/strong><\/p>\n<p>Los datos que trataremos de Ud. para las finalidades leg\u00edtimas que m\u00e1s adelante se explican, se limitan a sus datos de contacto corporativo relativos a la empresa, entidad u organizaci\u00f3n para la cual Ud. trabaja o colabora.<\/p>\n<p><strong>PARA QU\u00c9 TRATAMOS TUS DATOS PERSONALES<\/strong><\/p>\n<p>Sus datos de contacto corporativo los tratamos con la exclusiva finalidad de poder mantener las relaciones comerciales, contractuales o de colaboraci\u00f3n que MSF ESPA\u00d1A mantiene con la empresa, entidad u organizaci\u00f3n para la cual Ud. trabaja o colabora.<\/p>\n<p>Adicionalmente, tambi\u00e9n tratamos tus datos para el env\u00edo, incluso por medios electr\u00f3nicos, de comunicaciones sobre actividades, campa\u00f1as e iniciativas de naturaleza similar a las que hayas participado con anterioridad, o sobre las Que nos hayas solicitado informaci\u00f3n o hayas dirigido alguna solicitud a nuestra entidad.<\/p>\n<p>Puedes\u00a0 oponerte a recibir este tipo de comunicaciones, ahora o en cualquier otro momento, enviando un correo electr\u00f3nico a la direcci\u00f3n electr\u00f3nica de nuestro Delegado de Protecci\u00f3n de Datos, o dirigiendo una solicitud a nuestra direcci\u00f3n postal, a la atenci\u00f3n del Delegado de Protecci\u00f3n de Datos.<\/p>\n<p><strong>POR QU\u00c9 MOTIVO PODEMOS TRATAR TUS DATOS PERSONALES<\/strong><\/p>\n<p>El tratamiento de sus datos de contacto corporativo relacionado con el mantenimiento de la relaci\u00f3n de la empresa, entidad u organizaci\u00f3n para la cual Ud. trabaja o colabora con MSF ESPA\u00d1A responde a un inter\u00e9s leg\u00edtimo de nuestra entidad, expresamente reconocido por la normativa sobre privacidad.<\/p>\n<p>El tratamiento de tus datos personales para el env\u00edo de informaci\u00f3n sobre actividades, campa\u00f1as o iniciativas de MSF ESPA\u00d1A similares a las que hayas participado, responde a un inter\u00e9s leg\u00edtimo de nuestra entidad y est\u00e1 autorizado por la normativa vigente.<\/p>\n<p><strong>CU\u00c1NDO Y POR QU\u00c9 MOTIVO PODEMOS FACILITAR TUS DATOS A TERCEROS<\/strong><\/p>\n<p>Tus datos podr\u00e1n ser cedidos a los destinatarios que se indican a continuaci\u00f3n, por los motivos que a continuaci\u00f3n se explican:<br \/>\n- Administraciones P\u00fablicas: para el cumplimiento de las obligaciones legales a las que MSF ESPA\u00d1A est\u00e1 sujeta por su actividad<br \/>\n- Aquellas cesiones a terceros que sean necesarias para cumplir con las obligaciones derivadas de las campa\u00f1as, actividades e iniciativas en las que voluntariamente participes (por ejemplo, entidades bancarias y proveedores de pasarelas de pago).<br \/>\n- Proveedores que precisen acceder a sus datos para la prestaci\u00f3n de servicios que MSF ESPA\u00d1A haya contratado a dichos proveedores, y con los cuales MSF ESPA\u00d1A tiene suscritos los contratos de confidencialidad y de tratamiento de datos personales necesarios y exigidos por la normativa para proteger su privacidad.(por ejemplo, imprentas)<br \/>\nSi en el futuro MSF ESPA\u00d1A realizara otras cesiones de datos personales, te informaremos oportunamente.<\/p>\n<p><strong>TRANSFERENCIAS INTERNACIONALES DE DATOS<\/strong><\/p>\n<p>MSF ESPA\u00d1A tiene contratados los servicios de proveedores tecnol\u00f3gicos ubicados en pa\u00edses que no disponen de normativa equivalente a la europea (\u201cTerceros Pa\u00edses\u201d). Dichos proveedores han suscrito con MSF ESPA\u00d1A los contratos de confidencialidad y tratamiento de datos exigidos por la normativa para proveedores ubicados en Terceros Pa\u00edses, aplicando las garant\u00edas y salvaguardas necesarias para preservar su privacidad.<br \/>\nPara m\u00e1s informaci\u00f3n sobre las garant\u00edas a su privacidad, puedes dirigirte al Delegado de Protecci\u00f3n de Datos, a trav\u00e9s de las direcciones postal y electr\u00f3nica indicadas.<\/p>\n<p><strong>DURANTE CU\u00c1NTO TIEMPO GUARDAREMOS TUS DATOS<\/strong><\/p>\n<p>Tus datos personales se conservar\u00e1n mientras se mantenga tu relaci\u00f3n con MSF ESPA\u00d1A y, tras la finalizaci\u00f3n de dicha relaci\u00f3n por cualquier causa, durante los plazos de prescripci\u00f3n legales que sean de aplicaci\u00f3n. En este supuesto, se tratar\u00e1n a los solos efectos de acreditar el cumplimiento de nuestras obligaciones legales o contractuales. Finalizados dichos plazos de prescripci\u00f3n, sus datos ser\u00e1n eliminados o, alternativamente, anonimizados.<\/p>\n<p><strong>CU\u00c1LES SON TUS DERECHOS<\/strong><\/p>\n<p>Puedes ejercitar tus derechos de acceso, rectificaci\u00f3n, supresi\u00f3n y portabilidad, limitaci\u00f3n y\/u oposici\u00f3n al tratamiento, a trav\u00e9s de las direcciones postal y electr\u00f3nica indicadas.<br \/>\nAsimismo, si consideras que el tratamiento de tus datos personales vulnera la normativa o sus derechos de privacidad, puedes presentar una reclamaci\u00f3n:<br \/>\n- A nuestro Delegado de Protecci\u00f3n de Datos, a trav\u00e9s de las direcciones postal y electr\u00f3nica indicadas.<br \/>\n- Ante la Agencia Espa\u00f1ola de Protecci\u00f3n de Datos, a trav\u00e9s de su sede electr\u00f3nica, o de su direcci\u00f3n postal.<\/p>\n<p><strong>POL\u00cdTICA DE 'COOKIES'<\/strong><\/p>\n<p>Esta web utiliza\u00a0<em>cookies<\/em>\u00a0temporales de sesi\u00f3n y\u00a0<em>cookies<\/em>\u00a0permanentes. Las\u00a0<em>cookies<\/em>\u00a0de sesi\u00f3n almacenan datos \u00fanicamente mientras el usuario accede a la web, y las permanentes almacenan los datos en el terminal para que est\u00e9n disponibles en m\u00e1s de una sesi\u00f3n. Seg\u00fan la finalidad de los datos obtenidos a trav\u00e9s de las\u00a0<em>cookies<\/em>, la web puede utilizar\u00a0<em>cookies<\/em>\u00a0propias:<\/p>\n<ul>\n<li><em>Cookies<\/em>\u00a0t\u00e9cnicas: Permiten al usuario navegar en la p\u00e1gina web o aplicaci\u00f3n y utilizar sus diferentes opciones o servicios. Por ejemplo, permiten controlar el tr\u00e1fico y la comunicaci\u00f3n de datos, identificar la sesi\u00f3n, acceder a las zonas de acceso restringido, recordar los elementos de un pedido, realizar una solicitud de inscripci\u00f3n o participaci\u00f3n en un evento, utilizar elementos de seguridad o almacenar contenidos para la difusi\u00f3n de archivos de v\u00eddeo o sonido.<\/li>\n<li><em>Cookies<\/em>\u00a0de personalizaci\u00f3n: Permiten al usuario acceder al servicio con algunas caracter\u00edsticas de car\u00e1cter general predefinidas en su terminal o definidas por el propio usuario. Entre ellas, se encuentran el idioma, el tipo de navegador, el dise\u00f1o de contenidos, la geolocalizaci\u00f3n del terminal o la configuraci\u00f3n regional desde la que se accede.<\/li>\n<li><em>Cookies\u00a0<\/em>publicitarias: Permiten la gesti\u00f3n eficaz de los espacios publicitarios incluidos en la web o aplicaci\u00f3n, adecuando su contenido para que sea relevante para el usuario y para evitar la repetici\u00f3n de anuncios que este ya haya visto.<\/li>\n<li><em>Cookies<\/em>\u00a0de an\u00e1lisis estad\u00edstico: Permiten realizar el seguimiento y an\u00e1lisis del comportamiento de los usuarios. La informaci\u00f3n recogida se utiliza en la medici\u00f3n de la actividad de los sitios web, aplicaciones o plataformas, y para la elaboraci\u00f3n de perfiles de navegaci\u00f3n de los usuarios, con el fin de introducir mejoras en el servicio en funci\u00f3n de los datos recogidos.<\/li>\n<li><em>Cookies<\/em>\u00a0de terceros: Permiten gestionar y mejorar los servicios ofrecidos. Entre otros ejemplos, est\u00e1n los servicios estad\u00edsticos de Google Analytics y Comscore.<\/li>\n<\/ul>\n<p>Puedes permitir, bloquear o eliminar las\u00a0<em>cookies<\/em>\u00a0instaladas en tu equipo mediante la configuraci\u00f3n de las opciones del navegador instalado en tu ordenador.<\/p>\n<p>\u00bfC\u00f3mo puedes administrar las\u00a0<em>cookies<\/em>\u00a0en el navegador?<\/p>\n<p>El usuario tiene la opci\u00f3n de permitir, bloquear o eliminar las\u00a0<em>cookies<\/em>\u00a0instaladas en su equipo, configurando a su gusto las opciones del navegador.<\/p>\n<ul>\n<li><a href=\"https:\/\/support.google.com\/chrome\/\" target=\"_blank\" rel=\"noopener\"><strong><span style=\"color: #0066cc\">Google Chrome<\/span><\/strong><\/a><\/li>\n<li><a href=\"http:\/\/windows.microsoft.com\/es-es\/internet-explorer\/internet-explorer-help\" target=\"_blank\" rel=\"noopener\"><strong><span style=\"color: #0066cc\">Microsoft Internet Explorer<\/span><\/strong><\/a><\/li>\n<li><a href=\"https:\/\/support.mozilla.org\/es\/\" target=\"_blank\" rel=\"noopener\"><strong><span style=\"color: #0066cc\">Mozilla Firefox<\/span><\/strong><\/a><\/li>\n<li><a href=\"https:\/\/www.apple.com\/es\/support\/mac-apps\/safari\/\" target=\"_blank\" rel=\"noopener\"><strong><span style=\"color: #0066cc\">Safari<\/span><\/strong><\/a><\/li>\n<li><a href=\"http:\/\/help.opera.com\/Windows\/8.54\/es-ES\/\" target=\"_blank\" rel=\"noopener\"><strong><span style=\"color: #0066cc\">Opera<\/span><\/strong><\/a><\/li>\n<\/ul>\n\n\t<\/div>\n\n<\/section><\/div><\/div><\/div><\/div><\/div>","protected":false},"excerpt":{"rendered":"<p>Pol\u00edtica de Privacidad, T\u00e9rminos y Condiciones para el tratamiento de datos personales.<\/p>\n","protected":false},"author":1,"featured_media":1075,"parent":1210,"menu_order":0,"comment_status":"closed","ping_status":"closed","template":"","meta":{"_acf_changed":false,"footnotes":""},"class_list":["post-1110","page","type-page","status-publish","has-post-thumbnail","hentry"],"acf":[],"yoast_head":"<!-- This site is optimized with the Yoast SEO plugin v23.0 - https:\/\/yoast.com\/wordpress\/plugins\/seo\/ -->\n<title>Pol\u00edtica de Privacidad - M\u00e9dicos Sin Fronteras Colombia | Ayuda m\u00e9dico-humanitaria<\/title>\n<meta name=\"robots\" content=\"noindex, follow, max-snippet:-1, max-image-preview:large, max-video-preview:-1\" \/>\n<meta property=\"og:locale\" content=\"es_ES\" \/>\n<meta property=\"og:type\" content=\"article\" \/>\n<meta property=\"og:title\" content=\"Pol\u00edtica de Privacidad - M\u00e9dicos Sin Fronteras Colombia | Ayuda m\u00e9dico-humanitaria\" \/>\n<meta property=\"og:description\" content=\"Pol\u00edtica de Privacidad, T\u00e9rminos y Condiciones para el tratamiento de datos personales.\" \/>\n<meta property=\"og:url\" content=\"https:\/\/pezgordon.com\/msf_dev\/conocenos\/politica-de-privacidad\/\" \/>\n<meta property=\"og:site_name\" content=\"M\u00e9dicos Sin Fronteras Colombia | Ayuda m\u00e9dico-humanitaria\" \/>\n<meta property=\"article:publisher\" content=\"https:\/\/www.facebook.com\/medicossinfronteras.ong\" \/>\n<meta property=\"article:modified_time\" content=\"2023-04-19T12:42:51+00:00\" \/>\n<meta property=\"og:image\" content=\"https:\/\/pezgordon.com\/msf_dev\/wp-content\/uploads\/2023\/04\/MSF311837_Medium.jpg\" \/>\n\t<meta property=\"og:image:width\" content=\"1000\" \/>\n\t<meta property=\"og:image:height\" content=\"667\" \/>\n\t<meta property=\"og:image:type\" content=\"image\/jpeg\" \/>\n<meta name=\"twitter:card\" content=\"summary_large_image\" \/>\n<meta name=\"twitter:site\" content=\"@MSF_Colombia\" \/>\n<script type=\"application\/ld+json\" class=\"yoast-schema-graph\">{\"@context\":\"https:\/\/schema.org\",\"@graph\":[{\"@type\":\"WebPage\",\"@id\":\"https:\/\/pezgordon.com\/msf_dev\/conocenos\/politica-de-privacidad\/\",\"url\":\"https:\/\/pezgordon.com\/msf_dev\/conocenos\/politica-de-privacidad\/\",\"name\":\"Pol\u00edtica de Privacidad - M\u00e9dicos Sin Fronteras Colombia | Ayuda m\u00e9dico-humanitaria\",\"isPartOf\":{\"@id\":\"https:\/\/pezgordon.com\/msf_dev\/#website\"},\"primaryImageOfPage\":{\"@id\":\"https:\/\/pezgordon.com\/msf_dev\/conocenos\/politica-de-privacidad\/#primaryimage\"},\"image\":{\"@id\":\"https:\/\/pezgordon.com\/msf_dev\/conocenos\/politica-de-privacidad\/#primaryimage\"},\"thumbnailUrl\":\"https:\/\/pezgordon.com\/msf_dev\/wp-content\/uploads\/2023\/04\/MSF311837_Medium.jpg\",\"datePublished\":\"2023-04-17T13:19:44+00:00\",\"dateModified\":\"2023-04-19T12:42:51+00:00\",\"breadcrumb\":{\"@id\":\"https:\/\/pezgordon.com\/msf_dev\/conocenos\/politica-de-privacidad\/#breadcrumb\"},\"inLanguage\":\"es\",\"potentialAction\":[{\"@type\":\"ReadAction\",\"target\":[\"https:\/\/pezgordon.com\/msf_dev\/conocenos\/politica-de-privacidad\/\"]}]},{\"@type\":\"ImageObject\",\"inLanguage\":\"es\",\"@id\":\"https:\/\/pezgordon.com\/msf_dev\/conocenos\/politica-de-privacidad\/#primaryimage\",\"url\":\"https:\/\/pezgordon.com\/msf_dev\/wp-content\/uploads\/2023\/04\/MSF311837_Medium.jpg\",\"contentUrl\":\"https:\/\/pezgordon.com\/msf_dev\/wp-content\/uploads\/2023\/04\/MSF311837_Medium.jpg\",\"width\":1000,\"height\":667,\"caption\":\"202003, Kristof Vadino, Brussel, Corona, MSF, AZG, HUB, Tour&amp;Taxi's, triage virus corona, sur base d'indications, pas de tests,\"},{\"@type\":\"BreadcrumbList\",\"@id\":\"https:\/\/pezgordon.com\/msf_dev\/conocenos\/politica-de-privacidad\/#breadcrumb\",\"itemListElement\":[{\"@type\":\"ListItem\",\"position\":1,\"name\":\"Home\",\"item\":\"https:\/\/pezgordon.com\/msf_dev\/\"},{\"@type\":\"ListItem\",\"position\":2,\"name\":\"Con\u00f3cenos\",\"item\":\"https:\/\/pezgordon.com\/msf_dev\/conocenos\/\"},{\"@type\":\"ListItem\",\"position\":3,\"name\":\"Pol\u00edtica de Privacidad\"}]},{\"@type\":\"WebSite\",\"@id\":\"https:\/\/pezgordon.com\/msf_dev\/#website\",\"url\":\"https:\/\/pezgordon.com\/msf_dev\/\",\"name\":\"M\u00e9dicos Sin Fronteras Colombia | Ayuda m\u00e9dico-humanitaria\",\"description\":\"\",\"publisher\":{\"@id\":\"https:\/\/pezgordon.com\/msf_dev\/#organization\"},\"potentialAction\":[{\"@type\":\"SearchAction\",\"target\":{\"@type\":\"EntryPoint\",\"urlTemplate\":\"https:\/\/pezgordon.com\/msf_dev\/?s={search_term_string}\"},\"query-input\":\"required name=search_term_string\"}],\"inLanguage\":\"es\"},{\"@type\":\"Organization\",\"@id\":\"https:\/\/pezgordon.com\/msf_dev\/#organization\",\"name\":\"M\u00e9dicos Sin Fronteras Colombia\",\"alternateName\":\"MSF\",\"url\":\"https:\/\/pezgordon.com\/msf_dev\/\",\"logo\":{\"@type\":\"ImageObject\",\"inLanguage\":\"es\",\"@id\":\"https:\/\/pezgordon.com\/msf_dev\/#\/schema\/logo\/image\/\",\"url\":\"https:\/\/pezgordon.com\/msf_dev\/wp-content\/uploads\/2023\/05\/msf_organization.png\",\"contentUrl\":\"https:\/\/pezgordon.com\/msf_dev\/wp-content\/uploads\/2023\/05\/msf_organization.png\",\"width\":120,\"height\":120,\"caption\":\"M\u00e9dicos Sin Fronteras Colombia\"},\"image\":{\"@id\":\"https:\/\/pezgordon.com\/msf_dev\/#\/schema\/logo\/image\/\"},\"sameAs\":[\"https:\/\/www.facebook.com\/medicossinfronteras.ong\",\"https:\/\/x.com\/MSF_Colombia\",\"https:\/\/www.youtube.com\/user\/MedicosSinFronteras\",\"https:\/\/www.tiktok.com\/@medicossinfronteras\",\"https:\/\/www.instagram.com\/msf_sudamerica\",\"https:\/\/www.linkedin.com\/company\/msf-latam\/mycompany\/\"]}]}<\/script>\n<!-- \/ Yoast SEO plugin. -->","yoast_head_json":{"title":"Pol\u00edtica de Privacidad - M\u00e9dicos Sin Fronteras Colombia | Ayuda m\u00e9dico-humanitaria","robots":{"index":"noindex","follow":"follow","max-snippet":"max-snippet:-1","max-image-preview":"max-image-preview:large","max-video-preview":"max-video-preview:-1"},"og_locale":"es_ES","og_type":"article","og_title":"Pol\u00edtica de Privacidad - M\u00e9dicos Sin Fronteras Colombia | Ayuda m\u00e9dico-humanitaria","og_description":"Pol\u00edtica de Privacidad, T\u00e9rminos y Condiciones para el tratamiento de datos personales.","og_url":"https:\/\/pezgordon.com\/msf_dev\/conocenos\/politica-de-privacidad\/","og_site_name":"M\u00e9dicos Sin Fronteras Colombia | Ayuda m\u00e9dico-humanitaria","article_publisher":"https:\/\/www.facebook.com\/medicossinfronteras.ong","article_modified_time":"2023-04-19T12:42:51+00:00","og_image":[{"width":1000,"height":667,"url":"https:\/\/pezgordon.com\/msf_dev\/wp-content\/uploads\/2023\/04\/MSF311837_Medium.jpg","type":"image\/jpeg"}],"twitter_card":"summary_large_image","twitter_site":"@MSF_Colombia","schema":{"@context":"https:\/\/schema.org","@graph":[{"@type":"WebPage","@id":"https:\/\/pezgordon.com\/msf_dev\/conocenos\/politica-de-privacidad\/","url":"https:\/\/pezgordon.com\/msf_dev\/conocenos\/politica-de-privacidad\/","name":"Pol\u00edtica de Privacidad - M\u00e9dicos Sin Fronteras Colombia | Ayuda m\u00e9dico-humanitaria","isPartOf":{"@id":"https:\/\/pezgordon.com\/msf_dev\/#website"},"primaryImageOfPage":{"@id":"https:\/\/pezgordon.com\/msf_dev\/conocenos\/politica-de-privacidad\/#primaryimage"},"image":{"@id":"https:\/\/pezgordon.com\/msf_dev\/conocenos\/politica-de-privacidad\/#primaryimage"},"thumbnailUrl":"https:\/\/pezgordon.com\/msf_dev\/wp-content\/uploads\/2023\/04\/MSF311837_Medium.jpg","datePublished":"2023-04-17T13:19:44+00:00","dateModified":"2023-04-19T12:42:51+00:00","breadcrumb":{"@id":"https:\/\/pezgordon.com\/msf_dev\/conocenos\/politica-de-privacidad\/#breadcrumb"},"inLanguage":"es","potentialAction":[{"@type":"ReadAction","target":["https:\/\/pezgordon.com\/msf_dev\/conocenos\/politica-de-privacidad\/"]}]},{"@type":"ImageObject","inLanguage":"es","@id":"https:\/\/pezgordon.com\/msf_dev\/conocenos\/politica-de-privacidad\/#primaryimage","url":"https:\/\/pezgordon.com\/msf_dev\/wp-content\/uploads\/2023\/04\/MSF311837_Medium.jpg","contentUrl":"https:\/\/pezgordon.com\/msf_dev\/wp-content\/uploads\/2023\/04\/MSF311837_Medium.jpg","width":1000,"height":667,"caption":"202003, Kristof Vadino, Brussel, Corona, MSF, AZG, HUB, Tour&amp;Taxi's, triage virus corona, sur base d'indications, pas de tests,"},{"@type":"BreadcrumbList","@id":"https:\/\/pezgordon.com\/msf_dev\/conocenos\/politica-de-privacidad\/#breadcrumb","itemListElement":[{"@type":"ListItem","position":1,"name":"Home","item":"https:\/\/pezgordon.com\/msf_dev\/"},{"@type":"ListItem","position":2,"name":"Con\u00f3cenos","item":"https:\/\/pezgordon.com\/msf_dev\/conocenos\/"},{"@type":"ListItem","position":3,"name":"Pol\u00edtica de Privacidad"}]},{"@type":"WebSite","@id":"https:\/\/pezgordon.com\/msf_dev\/#website","url":"https:\/\/pezgordon.com\/msf_dev\/","name":"M\u00e9dicos Sin Fronteras Colombia | Ayuda m\u00e9dico-humanitaria","description":"","publisher":{"@id":"https:\/\/pezgordon.com\/msf_dev\/#organization"},"potentialAction":[{"@type":"SearchAction","target":{"@type":"EntryPoint","urlTemplate":"https:\/\/pezgordon.com\/msf_dev\/?s={search_term_string}"},"query-input":"required name=search_term_string"}],"inLanguage":"es"},{"@type":"Organization","@id":"https:\/\/pezgordon.com\/msf_dev\/#organization","name":"M\u00e9dicos Sin Fronteras Colombia","alternateName":"MSF","url":"https:\/\/pezgordon.com\/msf_dev\/","logo":{"@type":"ImageObject","inLanguage":"es","@id":"https:\/\/pezgordon.com\/msf_dev\/#\/schema\/logo\/image\/","url":"https:\/\/pezgordon.com\/msf_dev\/wp-content\/uploads\/2023\/05\/msf_organization.png","contentUrl":"https:\/\/pezgordon.com\/msf_dev\/wp-content\/uploads\/2023\/05\/msf_organization.png","width":120,"height":120,"caption":"M\u00e9dicos Sin Fronteras Colombia"},"image":{"@id":"https:\/\/pezgordon.com\/msf_dev\/#\/schema\/logo\/image\/"},"sameAs":["https:\/\/www.facebook.com\/medicossinfronteras.ong","https:\/\/x.com\/MSF_Colombia","https:\/\/www.youtube.com\/user\/MedicosSinFronteras","https:\/\/www.tiktok.com\/@medicossinfronteras","https:\/\/www.instagram.com\/msf_sudamerica","https:\/\/www.linkedin.com\/company\/msf-latam\/mycompany\/"]}]}},"_links":{"self":[{"href":"https:\/\/pezgordon.com\/msf_dev\/wp-json\/wp\/v2\/pages\/1110"}],"collection":[{"href":"https:\/\/pezgordon.com\/msf_dev\/wp-json\/wp\/v2\/pages"}],"about":[{"href":"https:\/\/pezgordon.com\/msf_dev\/wp-json\/wp\/v2\/types\/page"}],"author":[{"embeddable":true,"href":"https:\/\/pezgordon.com\/msf_dev\/wp-json\/wp\/v2\/users\/1"}],"replies":[{"embeddable":true,"href":"https:\/\/pezgordon.com\/msf_dev\/wp-json\/wp\/v2\/comments?post=1110"}],"version-history":[{"count":10,"href":"https:\/\/pezgordon.com\/msf_dev\/wp-json\/wp\/v2\/pages\/1110\/revisions"}],"predecessor-version":[{"id":1294,"href":"https:\/\/pezgordon.com\/msf_dev\/wp-json\/wp\/v2\/pages\/1110\/revisions\/1294"}],"up":[{"embeddable":true,"href":"https:\/\/pezgordon.com\/msf_dev\/wp-json\/wp\/v2\/pages\/1210"}],"wp:featuredmedia":[{"embeddable":true,"href":"https:\/\/pezgordon.com\/msf_dev\/wp-json\/wp\/v2\/media\/1075"}],"wp:attachment":[{"href":"https:\/\/pezgordon.com\/msf_dev\/wp-json\/wp\/v2\/media?parent=1110"}],"curies":[{"name":"wp","href":"https:\/\/api.w.org\/{rel}","templated":true}]}}